{"id":4777,"date":"2023-06-21T05:53:46","date_gmt":"2023-06-21T10:53:46","guid":{"rendered":"https:\/\/ispaeducacion.edu.co\/?page_id=4777"},"modified":"2025-09-25T14:46:47","modified_gmt":"2025-09-25T19:46:47","slug":"inicio-libertador","status":"publish","type":"page","link":"https:\/\/ispaeducacion.edu.co\/?page_id=4777","title":{"rendered":"Inicio Libertador"},"content":{"rendered":"<p>[vc_row row_content_width=&#8221;grid&#8221; content_text_aligment=&#8221;center&#8221; simple_background_color=&#8221;#fafafa&#8221;][vc_column css=&#8221;.vc_custom_1508505855317{margin-top: -185px !important;}&#8221;]<div class=\"eltdf-elements-holder   eltdf-one-column  eltdf-responsive-mode-768 \" ><div class=\"eltdf-eh-item    eltdf-element-from-bottom\"  data-item-class=\"eltdf-eh-custom-6070\" data-animation=\"eltdf-element-from-bottom\" data-animation-delay=\"1200\" data-1280-1600=\"0px 115px 0px 85px\" data-1024-1280=\"0px 54px 0px 24px\" data-768-1024=\"0px 30px 0px 0px\" data-680-768=\"0px 120px 0px 90px\" data-680=\"0px 30px 0px 0px\">\n\t<div class=\"eltdf-eh-item-inner\">\n\t\t<div class=\"eltdf-eh-item-content eltdf-eh-custom-6070\" style=\"padding: 0px 115px 0px 85px\">\n\t\t\t[vc_empty_space height=&#8221;200&#8243;][vc_row_inner gap=&#8221;20&#8243; content_text_aligment=&#8221;center&#8221; css=&#8221;.vc_custom_1741901833177{background-image: url(http:\/\/ispaeducacion.edu.co\/wp-content\/uploads\/2024\/07\/WhatsApp-Image-2024-07-30-at-12.39.45-PM-1.jpeg?id=6177) !important;}&#8221;][vc_column_inner width=&#8221;5\/6&#8243; css=&#8221;.vc_custom_1741953609496{margin-right: 15px !important;margin-bottom: 30px !important;margin-left: 15px !important;border-top-width: 1px !important;border-right-width: 1px !important;border-bottom-width: 1px !important;border-left-width: 1px !important;padding-top: 46px !important;padding-right: 8% !important;padding-bottom: 46px !important;padding-left: 8% !important;border-radius: 5px !important;}&#8221; offset=&#8221;vc_col-lg-offset-1 vc_col-lg-2\/5 vc_col-md-offset-1 vc_col-md-2\/5 vc_col-xs-offset-1 vc_col-xs-3\/5&#8243;][vc_video link=&#8221;https:\/\/youtu.be\/20NPyvGj-Ck&#8221; el_aspect=&#8221;916&#8243; align=&#8221;right&#8221; css=&#8221;.vc_custom_1741901988577{background-image: url(http:\/\/ispaeducacion.edu.co\/wp-content\/uploads\/2024\/07\/WhatsApp-Image-2024-07-30-at-12.39.45-PM-1.jpeg?id=6177) !important;}&#8221;][\/vc_column_inner][vc_column_inner width=&#8221;1\/5&#8243; offset=&#8221;vc_col-lg-offset-1 vc_col-lg-2\/5 vc_col-md-offset-0 vc_col-md-1 vc_hidden-md vc_hidden-sm vc_col-xs-offset-2\/5 vc_col-xs-3\/5 vc_hidden-xs&#8221;][vc_column_text]<\/p>\n<h1 style=\"text-align: center;\"><span style=\"color: #ffffff;\"><strong>\ud83c\udf93<\/strong><\/span><\/h1>\n<h3 style=\"text-align: center;\"><span style=\"color: #000000;\"><strong><span style=\"vertical-align: inherit;\"><span style=\"vertical-align: inherit;\"><span style=\"vertical-align: inherit;\"><span style=\"vertical-align: inherit;\">&#8220;Ra\u00edces de fe, futuro de excelencia&#8221;<\/span><\/span><\/span><\/span><\/strong><\/span><\/h3>\n<p>&nbsp;<\/p>\n<h3 style=\"text-align: center;\"><span style=\"color: #ffffff;\"><strong>\ud83c\udfbb<span style=\"vertical-align: inherit;\"><span style=\"vertical-align: inherit;\"><span style=\"vertical-align: inherit;\"><span style=\"vertical-align: inherit;\">Conoce la historia y la esencia del Instituto San Pablo Ap\u00f3stol<\/span><\/span><\/span><\/span>\ud83c\udfb7<\/strong><\/span><\/h3>\n<p>[\/vc_column_text][\/vc_column_inner][\/vc_row_inner][vc_row_inner gap=&#8221;20&#8243; content_text_aligment=&#8221;center&#8221;][vc_column_inner css=&#8221;.vc_custom_1687340963141{margin-right: 15px !important;margin-bottom: 30px !important;margin-left: 15px !important;border-top-width: 1px !important;border-right-width: 1px !important;border-bottom-width: 1px !important;border-left-width: 1px !important;padding-top: 46px !important;padding-right: 8% !important;padding-bottom: 46px !important;padding-left: 8% !important;background-color: #dd3333 !important;border-left-color: #ff9900 !important;border-left-style: solid !important;border-right-color: #ff9900 !important;border-right-style: solid !important;border-top-color: #ff9900 !important;border-top-style: solid !important;border-bottom-color: #ff9900 !important;border-bottom-style: solid !important;border-radius: 4px !important;}&#8221; offset=&#8221;vc_col-lg-4 vc_col-md-4&#8243;]<div class=\"eltdf-iwt clearfix  eltdf-iwt-icon-top eltdf-iwt-icon-small\">\n\t<div class=\"eltdf-iwt-icon\">\n\t\t\t\t\t<a itemprop=\"url\" href=\"https:\/\/www.mipagoamigo.com\/MPA_WebSite\/ServicePayments\/StartPayment?id=3387&#038;searchedCategoryId=&#038;searchedAgreementName=INSTITUTO%20SAN%20PABLO%20APOSTOL\" target=\"_self\">\n\t\t\t\t\t\t\t\t\t<img width=\"128\" height=\"128\" src=\"https:\/\/ispaeducacion.edu.co\/wp-content\/uploads\/2023\/06\/pagoAmigo-1.png\" class=\"attachment-full size-full\" alt=\"\" decoding=\"async\" loading=\"lazy\" srcset=\"https:\/\/ispaeducacion.edu.co\/wp-content\/uploads\/2023\/06\/pagoAmigo-1.png 128w, https:\/\/ispaeducacion.edu.co\/wp-content\/uploads\/2023\/06\/pagoAmigo-1-100x100.png 100w\" sizes=\"(max-width: 128px) 100vw, 128px\" \/>\t\t\t\t\t\t\t\t<\/a>\n\t\t\t<\/div>\n\t<div class=\"eltdf-iwt-content\" style=\"padding-top: 10px\">\n\t\t\t\t\t<h3 class=\"eltdf-iwt-title\" style=\"color: #ffffff;margin-top: 10px\">\n\t\t\t\t\t\t\t\t\t<a itemprop=\"url\" href=\"https:\/\/www.mipagoamigo.com\/MPA_WebSite\/ServicePayments\/StartPayment?id=3387&#038;searchedCategoryId=&#038;searchedAgreementName=INSTITUTO%20SAN%20PABLO%20APOSTOL\" target=\"_self\">\n\t\t\t\t\t\t\t\t<span class=\"eltdf-iwt-title-text\">Mi Pago Amigo<\/span>\n\t\t\t\t\t\t\t\t\t<\/a>\n\t\t\t\t\t\t\t<\/h3>\n\t\t\t\t\t\t\t<p class=\"eltdf-iwt-text\" style=\"color: #ffffff;margin-top: 21px\">Al presionar el bot\u00f3n de MI PAGO AMIGO usted ingresar\u00e1 al sitio web del banco caja social y posteriormente a su entidad financiera. Cualquier inconveniente derivado del proceso de pago a partir de este punto deber\u00e1 ser gestionado directamente por usted con su entidad financiera.<\/p>\n\t\t\t<\/div>\n<\/div>[vc_empty_space height=&#8221;19px&#8221;]<div class=\"eltdf-iwt clearfix  eltdf-iwt-icon-top eltdf-iwt-icon-small\">\n\t<div class=\"eltdf-iwt-icon\">\n\t\t\t\t\t<a itemprop=\"url\" href=\"http:\/\/ispaeducacion.edu.co\/wp-content\/uploads\/2025\/02\/CIRCULAR-DE-PAGOS.pdf\" target=\"_self\">\n\t\t\t\t\t\t\t\t\t<img width=\"35\" height=\"63\" src=\"https:\/\/ispaeducacion.edu.co\/wp-content\/uploads\/2017\/10\/landing-slide-1-img-5.png\" class=\"attachment-full size-full\" alt=\"a\" decoding=\"async\" loading=\"lazy\" \/>\t\t\t\t\t\t\t\t<\/a>\n\t\t\t<\/div>\n\t<div class=\"eltdf-iwt-content\" style=\"padding-top: 10px\">\n\t\t\t\t\t<h3 class=\"eltdf-iwt-title\" style=\"color: #ffffff;margin-top: 10px\">\n\t\t\t\t\t\t\t\t\t<a itemprop=\"url\" href=\"http:\/\/ispaeducacion.edu.co\/wp-content\/uploads\/2025\/02\/CIRCULAR-DE-PAGOS.pdf\" target=\"_self\">\n\t\t\t\t\t\t\t\t<span class=\"eltdf-iwt-title-text\">PASO A PASO PAGOS PSE y POR CONSIGNACI\u00d3N<\/span>\n\t\t\t\t\t\t\t\t\t<\/a>\n\t\t\t\t\t\t\t<\/h3>\n\t\t\t\t\t<\/div>\n<\/div>[\/vc_column_inner][vc_column_inner css=&#8221;.vc_custom_1687341788208{margin-right: 15px !important;margin-bottom: 30px !important;margin-left: 15px !important;border-top-width: 1px !important;border-right-width: 1px !important;border-bottom-width: 1px !important;border-left-width: 1px !important;padding-top: 46px !important;padding-right: 8% !important;padding-bottom: 46px !important;padding-left: 8% !important;background-color: #7aa4fc !important;border-radius: 4px !important;}&#8221; offset=&#8221;vc_col-lg-4 vc_col-md-4&#8243;]<div class=\"eltdf-iwt clearfix  eltdf-iwt-icon-top eltdf-iwt-icon-medium\">\n\t<div class=\"eltdf-iwt-icon\">\n\t\t\t\t\t<a itemprop=\"url\" href=\"https:\/\/estudiantes.vpsnotas.com\/#\/Login\/12849?colegio=ISPA2023\" target=\"_self\">\n\t\t\t\t\t\t\t\t\t<img width=\"180\" height=\"180\" src=\"https:\/\/ispaeducacion.edu.co\/wp-content\/uploads\/2023\/07\/descarga-removebg-preview.png\" class=\"attachment-full size-full\" alt=\"\" decoding=\"async\" loading=\"lazy\" srcset=\"https:\/\/ispaeducacion.edu.co\/wp-content\/uploads\/2023\/07\/descarga-removebg-preview.png 180w, https:\/\/ispaeducacion.edu.co\/wp-content\/uploads\/2023\/07\/descarga-removebg-preview-150x150.png 150w, https:\/\/ispaeducacion.edu.co\/wp-content\/uploads\/2023\/07\/descarga-removebg-preview-100x100.png 100w\" sizes=\"(max-width: 180px) 100vw, 180px\" \/>\t\t\t\t\t\t\t\t<\/a>\n\t\t\t<\/div>\n\t<div class=\"eltdf-iwt-content\" style=\"padding-top: 10px\">\n\t\t\t\t\t<h3 class=\"eltdf-iwt-title\" style=\"color: #ffffff;margin-top: 10px\">\n\t\t\t\t\t\t\t\t\t<a itemprop=\"url\" href=\"https:\/\/estudiantes.vpsnotas.com\/#\/Login\/12849?colegio=ISPA2023\" target=\"_self\">\n\t\t\t\t\t\t\t\t<span class=\"eltdf-iwt-title-text\">VPS Software<\/span>\n\t\t\t\t\t\t\t\t\t<\/a>\n\t\t\t\t\t\t\t<\/h3>\n\t\t\t\t\t\t\t<p class=\"eltdf-iwt-text\" style=\"color: #ffffff;margin-top: 21px\">Ingresa a nuestra plataforma de gesti\u00f3n acad\u00e9mica<\/p>\n\t\t\t<\/div>\n<\/div>[vc_empty_space height=&#8221;19px&#8221;]<a itemprop=\"url\" href=\"https:\/\/estudiantes.vpsnotas.com\/#\/Login\/12849?colegio=ISPA2023\" target=\"_self\" style=\"color: #ffffff\" class=\"eltdf-btn eltdf-btn-medium eltdf-btn-simple eltdf-btn-default eltdf-btn-custom-hover-color \" data-hover-color=\"rgba(255,255,255,0.9)\" >\n    <span class=\"eltdf-btn-text\">Ingresar<\/span>\n        <\/a>[\/vc_column_inner][vc_column_inner css=&#8221;.vc_custom_1687341798180{margin-right: 15px !important;margin-bottom: 30px !important;margin-left: 15px !important;border-top-width: 1px !important;border-right-width: 1px !important;border-bottom-width: 1px !important;border-left-width: 1px !important;padding-top: 46px !important;padding-right: 8% !important;padding-bottom: 46px !important;padding-left: 8% !important;background-color: #8cd657 !important;border-radius: 4px !important;}&#8221; offset=&#8221;vc_col-lg-4 vc_col-md-4&#8243;]<div class=\"eltdf-iwt clearfix  eltdf-iwt-icon-top eltdf-iwt-icon-medium\">\n\t<div class=\"eltdf-iwt-icon\">\n\t\t\t\t\t<a itemprop=\"url\" href=\"https:\/\/seab.arquibogota.org.co\/\" target=\"_self\">\n\t\t\t\t\t\t\t\t\t<img width=\"200\" height=\"120\" src=\"https:\/\/ispaeducacion.edu.co\/wp-content\/uploads\/2023\/06\/SEAB-LOGO-1.png\" class=\"attachment-full size-full\" alt=\"\" decoding=\"async\" loading=\"lazy\" \/>\t\t\t\t\t\t\t\t<\/a>\n\t\t\t<\/div>\n\t<div class=\"eltdf-iwt-content\" style=\"padding-top: 10px\">\n\t\t\t\t\t<h3 class=\"eltdf-iwt-title\" style=\"color: #ffffff;margin-top: 10px\">\n\t\t\t\t\t\t\t\t\t<a itemprop=\"url\" href=\"https:\/\/seab.arquibogota.org.co\/\" target=\"_self\">\n\t\t\t\t\t\t\t\t<span class=\"eltdf-iwt-title-text\">SEAB<\/span>\n\t\t\t\t\t\t\t\t\t<\/a>\n\t\t\t\t\t\t\t<\/h3>\n\t\t\t\t\t\t\t<p class=\"eltdf-iwt-text\" style=\"color: #ffffff;margin-top: 21px\">Ingresa y conoce toda la informaci\u00f3n del Sistema Educativo de la Arquidi\u00f3cesis de Bogot\u00e1<\/p>\n\t\t\t<\/div>\n<\/div>[vc_empty_space height=&#8221;19px&#8221;]<a itemprop=\"url\" href=\"https:\/\/seab.arquibogota.org.co\/\" target=\"_self\" style=\"color: #ffffff\" class=\"eltdf-btn eltdf-btn-medium eltdf-btn-simple eltdf-btn-default eltdf-btn-custom-hover-color \" data-hover-color=\"rgba(255,255,255,0.9)\" >\n    <span class=\"eltdf-btn-text\">Ver m\u00e1s<\/span>\n        <\/a>[\/vc_column_inner][\/vc_row_inner]\t\t<\/div>\n\t<\/div>\n<\/div><\/div>[\/vc_column][\/vc_row][vc_row row_content_width=&#8221;grid&#8221; css=&#8221;.vc_custom_1509716783103{padding-top: 61px !important;padding-bottom: 111px !important;}&#8221; simple_background_color=&#8221;#fafafa&#8221;][vc_column css_animation=&#8221;none&#8221;]<div class=\"eltdf-elements-holder   eltdf-one-column  eltdf-responsive-mode-768 \" ><div class=\"eltdf-eh-item    eltdf-element-from-bottom\"  data-item-class=\"eltdf-eh-custom-1460\" data-animation=\"eltdf-element-from-bottom\" data-animation-delay=\"10\">\n\t<div class=\"eltdf-eh-item-inner\">\n\t\t<div class=\"eltdf-eh-item-content eltdf-eh-custom-1460\" >\n\t\t\t<div class=\"eltdf-section-title-holder  eltdf-st-has-watermark\" style=\"padding: 0 19%;text-align: center\">\n\t<div class=\"eltdf-st-inner\">\n\t\t\t\t\t<span class=\"eltdf-st-watermark\" >\n\t\t\t\tInstituto San Pablo Apostol\t\t\t<\/span>\n\t\t\t\t\t\t\t<span class=\"eltdf-st-tagline\" >\n\t\t\t\tISPA\t\t\t<\/span>\n\t\t\t\t\t\t\t<h2 class=\"eltdf-st-title\" >\n\t\t\t\tNo somos un colegio m\u00e1s\t\t\t<\/h2>\n\t\t\t\t\t\t\t<span class=\"eltdf-st-text\" >\n\t\t\t\tEducamos para trabajar y trabajamos para educar.\t\t\t<\/span>\n\t\t\t<\/div>\n<\/div>[vc_empty_space height=&#8221;93px&#8221;]\t\t<\/div>\n\t<\/div>\n<\/div><\/div>[\/vc_column][\/vc_row][vc_row row_content_width=&#8221;grid&#8221; simple_background_color=&#8221;#fafafa&#8221;][vc_column css=&#8221;.vc_custom_1507212856189{padding-top: 0px !important;}&#8221; offset=&#8221;vc_col-lg-6 vc_col-md-12&#8243;]<div class=\"eltdf-elements-holder   eltdf-one-column  eltdf-responsive-mode-768 \" ><div class=\"eltdf-eh-item    \"  data-item-class=\"eltdf-eh-custom-2331\" data-1280-1600=\"50px 0px 70px\" data-1024-1280=\"50px 0px 70px\" data-768-1024=\"50px 0px 0px\" data-680-768=\"50px 0px 0px\" data-680=\"50px 0px 0px\">\n\t<div class=\"eltdf-eh-item-inner\">\n\t\t<div class=\"eltdf-eh-item-content eltdf-eh-custom-2331\" style=\"padding: 0px 0px 70px\">\n\t\t\t[vc_single_image image=&#8221;5355&#8243; img_size=&#8221;full&#8221;]\t\t<\/div>\n\t<\/div>\n<\/div><\/div>[\/vc_column][vc_column offset=&#8221;vc_col-lg-6 vc_col-md-12&#8243;]<div class=\"eltdf-elements-holder   eltdf-one-column  eltdf-responsive-mode-680 eltdf-one-column-alignment-center\" ><div class=\"eltdf-eh-item    \"  data-item-class=\"eltdf-eh-custom-1628\" data-1280-1600=\"92px 27px 0px 30px\" data-1024-1280=\"60px 27px 0px 30px\" data-768-1024=\"35px 0px 50px 0px\" data-680-768=\"35px 0px 50px 0px\" data-680=\"35px 0px 50px 0px\">\n\t<div class=\"eltdf-eh-item-inner\">\n\t\t<div class=\"eltdf-eh-item-content eltdf-eh-custom-1628\" style=\"padding: 41px 27px 0px 40px\">\n\t\t\t<div class=\"eltdf-section-title-holder  \" style=\"text-align: left\">\n\t<div class=\"eltdf-st-inner\">\n\t\t\t\t\t\t\t\t\t<h3 class=\"eltdf-st-title\" >\n\t\t\t\tUna obra de la iglesia Cat\u00f3lica\t\t\t<\/h3>\n\t\t\t\t\t\t\t<span class=\"eltdf-st-text\" style=\"margin-top: 25px\">\n\t\t\t\tEl Instituto San Pablo Apostol en su sede Libertador ofrece un sevicio educativo de calidad fundamentado en la formaci\u00f3n t\u00e9cnica y las ense\u00f1anzas de Jes\u00fas.\t\t\t<\/span>\n\t\t\t<\/div>\n<\/div>[vc_empty_space height=&#8221;37px&#8221;][vc_row_inner][vc_column_inner width=&#8221;1\/2&#8243;]<div class=\"eltdf-counter-holder \">\n\t<div class=\"eltdf-counter-inner\">\n\t\t\t\t\t\t\t<span class=\"eltdf-counter eltdf-zero-counter\" >1000<\/span>\n\t\t\t\t\t\t\t<h4 class=\"eltdf-counter-title\" >\n\t\t\t\t+ Estudiantes graduados\t\t\t<\/h4>\n\t\t\t<\/div>\n<\/div>[vc_empty_space height=&#8221;10px&#8221;][\/vc_column_inner][vc_column_inner width=&#8221;1\/2&#8243;]<div class=\"eltdf-counter-holder \">\n\t<div class=\"eltdf-counter-inner\">\n\t\t\t\t\t\t\t<span class=\"eltdf-counter eltdf-zero-counter\" >50<\/span>\n\t\t\t\t\t\t\t<h4 class=\"eltdf-counter-title\" >\n\t\t\t\t+ 30 Profesionales altamente calificados\t\t\t<\/h4>\n\t\t\t<\/div>\n<\/div>[\/vc_column_inner][\/vc_row_inner]\t\t<\/div>\n\t<\/div>\n<\/div><\/div>[\/vc_column][\/vc_row][vc_row css=&#8221;.vc_custom_1508936971461{padding-top: 65px !important;background-position: 0 0 !important;background-repeat: no-repeat !important;}&#8221; parallax_background_image=&#8221;490&#8243;][vc_column][vc_row_inner][vc_column_inner]<div class=\"eltdf-section-title-holder  eltdf-st-has-watermark\" style=\"padding: 0 19%;text-align: center\">\n\t<div class=\"eltdf-st-inner\">\n\t\t\t\t\t<span class=\"eltdf-st-watermark\" >\n\t\t\t\tCalidad Profesional\t\t\t<\/span>\n\t\t\t\t\t\t\t<span class=\"eltdf-st-tagline\" >\n\t\t\t\tMarcamos la diferencia\t\t\t<\/span>\n\t\t\t\t\t\t\t<h2 class=\"eltdf-st-title\" >\n\t\t\t\tNuestro Personal\t\t\t<\/h2>\n\t\t\t\t\t\t\t<span class=\"eltdf-st-text\" >\n\t\t\t\tA continuaci\u00f3n te invitamos a conocer a todo nuestro personal de la sede Libertador, personas comprometidas con la formaci\u00f3n de nuestros ni\u00f1os, ni\u00f1as y j\u00f3venes.\t\t\t<\/span>\n\t\t\t<\/div>\n<\/div>[\/vc_column_inner][\/vc_row_inner][vc_empty_space height=&#8221;93px&#8221;]<div class=\"eltdf-instructor-list-holder eltdf-normal-space eltdf-tl-three-columns  \">\n\t<div class=\"eltdf-tl-inner eltdf-outer-space \" data-number-of-items=\"3\" data-enable-navigation=\"no\" data-enable-pagination=\"no\" >\n\t\t<div class=\"eltdf-instructor eltdf-item-space simple\">\n\t<div class=\"eltdf-instructor-inner\">\n\t\t\t\t\t<div class=\"eltdf-instructor-image\">\n\t\t\t\t<a itemprop=\"url\" href=\"https:\/\/ispaeducacion.edu.co\/?instructor=padre-wilson-enrique-tovar-escobar\">\n\t\t\t\t\t<img width=\"512\" height=\"512\" src=\"https:\/\/ispaeducacion.edu.co\/wp-content\/uploads\/2017\/10\/pngwing.com-1.png\" class=\"attachment-full size-full\" alt=\"\" decoding=\"async\" loading=\"lazy\" srcset=\"https:\/\/ispaeducacion.edu.co\/wp-content\/uploads\/2017\/10\/pngwing.com-1.png 512w, https:\/\/ispaeducacion.edu.co\/wp-content\/uploads\/2017\/10\/pngwing.com-1-300x300.png 300w, https:\/\/ispaeducacion.edu.co\/wp-content\/uploads\/2017\/10\/pngwing.com-1-150x150.png 150w, https:\/\/ispaeducacion.edu.co\/wp-content\/uploads\/2017\/10\/pngwing.com-1-100x100.png 100w\" sizes=\"(max-width: 512px) 100vw, 512px\" \/>\t\t\t\t<\/a>\n\t\t\t<\/div>\n\t\t\t\t<div class=\"eltdf-instructor-info\">\n\t\t\t<div class=\"eltdf-instructor-title-holder\">\n\t\t\t\t<h5 itemprop=\"name\" class=\"eltdf-instructor-name entry-title\">\n\t\t\t\t\t<a itemprop=\"url\" href=\"https:\/\/ispaeducacion.edu.co\/?instructor=padre-wilson-enrique-tovar-escobar\">PADRE WILSON ENRIQUE TOVAR ESCOBAR<\/a>\n\t\t\t\t<\/h5>\n\t\t\t\t\t\t\t\t\t<span class=\"eltdf-instructor-position\">DIRECTOR GENERAL<\/span>\n\t\t\t\t\t\t\t<\/div>\n\t\t<\/div>\n\t<\/div>\n<\/div><div class=\"eltdf-instructor eltdf-item-space simple\">\n\t<div class=\"eltdf-instructor-inner\">\n\t\t\t\t\t<div class=\"eltdf-instructor-image\">\n\t\t\t\t<a itemprop=\"url\" href=\"https:\/\/ispaeducacion.edu.co\/?instructor=padre-fabi-said-castro-castilla\">\n\t\t\t\t\t<img width=\"512\" height=\"512\" src=\"https:\/\/ispaeducacion.edu.co\/wp-content\/uploads\/2017\/10\/pngwing.com-1.png\" class=\"attachment-full size-full\" alt=\"\" decoding=\"async\" loading=\"lazy\" srcset=\"https:\/\/ispaeducacion.edu.co\/wp-content\/uploads\/2017\/10\/pngwing.com-1.png 512w, https:\/\/ispaeducacion.edu.co\/wp-content\/uploads\/2017\/10\/pngwing.com-1-300x300.png 300w, https:\/\/ispaeducacion.edu.co\/wp-content\/uploads\/2017\/10\/pngwing.com-1-150x150.png 150w, https:\/\/ispaeducacion.edu.co\/wp-content\/uploads\/2017\/10\/pngwing.com-1-100x100.png 100w\" sizes=\"(max-width: 512px) 100vw, 512px\" \/>\t\t\t\t<\/a>\n\t\t\t<\/div>\n\t\t\t\t<div class=\"eltdf-instructor-info\">\n\t\t\t<div class=\"eltdf-instructor-title-holder\">\n\t\t\t\t<h5 itemprop=\"name\" class=\"eltdf-instructor-name entry-title\">\n\t\t\t\t\t<a itemprop=\"url\" href=\"https:\/\/ispaeducacion.edu.co\/?instructor=padre-fabi-said-castro-castilla\">PADRE DIEGO OTERO ESPINEL<\/a>\n\t\t\t\t<\/h5>\n\t\t\t\t\t\t\t\t\t<span class=\"eltdf-instructor-position\">CAPELL\u00c1N<\/span>\n\t\t\t\t\t\t\t<\/div>\n\t\t<\/div>\n\t<\/div>\n<\/div><div class=\"eltdf-instructor eltdf-item-space simple\">\n\t<div class=\"eltdf-instructor-inner\">\n\t\t\t\t\t<div class=\"eltdf-instructor-image\">\n\t\t\t\t<a itemprop=\"url\" href=\"https:\/\/ispaeducacion.edu.co\/?instructor=rodriguez-ocampo-maryleydy\">\n\t\t\t\t\t<img width=\"512\" height=\"512\" src=\"https:\/\/ispaeducacion.edu.co\/wp-content\/uploads\/2017\/10\/pngwing.com_.png\" class=\"attachment-full size-full\" alt=\"\" decoding=\"async\" loading=\"lazy\" srcset=\"https:\/\/ispaeducacion.edu.co\/wp-content\/uploads\/2017\/10\/pngwing.com_.png 512w, https:\/\/ispaeducacion.edu.co\/wp-content\/uploads\/2017\/10\/pngwing.com_-300x300.png 300w, https:\/\/ispaeducacion.edu.co\/wp-content\/uploads\/2017\/10\/pngwing.com_-150x150.png 150w, https:\/\/ispaeducacion.edu.co\/wp-content\/uploads\/2017\/10\/pngwing.com_-100x100.png 100w\" sizes=\"(max-width: 512px) 100vw, 512px\" \/>\t\t\t\t<\/a>\n\t\t\t<\/div>\n\t\t\t\t<div class=\"eltdf-instructor-info\">\n\t\t\t<div class=\"eltdf-instructor-title-holder\">\n\t\t\t\t<h5 itemprop=\"name\" class=\"eltdf-instructor-name entry-title\">\n\t\t\t\t\t<a itemprop=\"url\" href=\"https:\/\/ispaeducacion.edu.co\/?instructor=rodriguez-ocampo-maryleydy\">CASTRO MAYOR NATALIA<\/a>\n\t\t\t\t<\/h5>\n\t\t\t\t\t\t\t\t\t<span class=\"eltdf-instructor-position\">CONTADORA<\/span>\n\t\t\t\t\t\t\t<\/div>\n\t\t<\/div>\n\t<\/div>\n<\/div><div class=\"eltdf-instructor eltdf-item-space simple\">\n\t<div class=\"eltdf-instructor-inner\">\n\t\t\t\t\t<div class=\"eltdf-instructor-image\">\n\t\t\t\t<a itemprop=\"url\" href=\"https:\/\/ispaeducacion.edu.co\/?instructor=prada-pineda-andrea\">\n\t\t\t\t\t<img width=\"512\" height=\"512\" src=\"https:\/\/ispaeducacion.edu.co\/wp-content\/uploads\/2017\/10\/pngwing.com-1.png\" class=\"attachment-full size-full\" alt=\"\" decoding=\"async\" loading=\"lazy\" srcset=\"https:\/\/ispaeducacion.edu.co\/wp-content\/uploads\/2017\/10\/pngwing.com-1.png 512w, https:\/\/ispaeducacion.edu.co\/wp-content\/uploads\/2017\/10\/pngwing.com-1-300x300.png 300w, https:\/\/ispaeducacion.edu.co\/wp-content\/uploads\/2017\/10\/pngwing.com-1-150x150.png 150w, https:\/\/ispaeducacion.edu.co\/wp-content\/uploads\/2017\/10\/pngwing.com-1-100x100.png 100w\" sizes=\"(max-width: 512px) 100vw, 512px\" \/>\t\t\t\t<\/a>\n\t\t\t<\/div>\n\t\t\t\t<div class=\"eltdf-instructor-info\">\n\t\t\t<div class=\"eltdf-instructor-title-holder\">\n\t\t\t\t<h5 itemprop=\"name\" class=\"eltdf-instructor-name entry-title\">\n\t\t\t\t\t<a itemprop=\"url\" href=\"https:\/\/ispaeducacion.edu.co\/?instructor=prada-pineda-andrea\">BARRAGAN SANCHEZ ESTEBAN<\/a>\n\t\t\t\t<\/h5>\n\t\t\t\t\t\t\t\t\t<span class=\"eltdf-instructor-position\">ANALISTA DE CARTERA<\/span>\n\t\t\t\t\t\t\t<\/div>\n\t\t<\/div>\n\t<\/div>\n<\/div><div class=\"eltdf-instructor eltdf-item-space simple\">\n\t<div class=\"eltdf-instructor-inner\">\n\t\t\t\t\t<div class=\"eltdf-instructor-image\">\n\t\t\t\t<a itemprop=\"url\" href=\"https:\/\/ispaeducacion.edu.co\/?instructor=rivera-palacios-jaime\">\n\t\t\t\t\t<img width=\"512\" height=\"512\" src=\"https:\/\/ispaeducacion.edu.co\/wp-content\/uploads\/2017\/10\/pngwing.com_.png\" class=\"attachment-full size-full\" alt=\"\" decoding=\"async\" loading=\"lazy\" srcset=\"https:\/\/ispaeducacion.edu.co\/wp-content\/uploads\/2017\/10\/pngwing.com_.png 512w, https:\/\/ispaeducacion.edu.co\/wp-content\/uploads\/2017\/10\/pngwing.com_-300x300.png 300w, https:\/\/ispaeducacion.edu.co\/wp-content\/uploads\/2017\/10\/pngwing.com_-150x150.png 150w, https:\/\/ispaeducacion.edu.co\/wp-content\/uploads\/2017\/10\/pngwing.com_-100x100.png 100w\" sizes=\"(max-width: 512px) 100vw, 512px\" \/>\t\t\t\t<\/a>\n\t\t\t<\/div>\n\t\t\t\t<div class=\"eltdf-instructor-info\">\n\t\t\t<div class=\"eltdf-instructor-title-holder\">\n\t\t\t\t<h5 itemprop=\"name\" class=\"eltdf-instructor-name entry-title\">\n\t\t\t\t\t<a itemprop=\"url\" href=\"https:\/\/ispaeducacion.edu.co\/?instructor=rivera-palacios-jaime\">RODRIGUEZ CAMPO LEIDY<\/a>\n\t\t\t\t<\/h5>\n\t\t\t\t\t\t\t\t\t<span class=\"eltdf-instructor-position\">TESORERA<\/span>\n\t\t\t\t\t\t\t<\/div>\n\t\t<\/div>\n\t<\/div>\n<\/div><div class=\"eltdf-instructor eltdf-item-space simple\">\n\t<div class=\"eltdf-instructor-inner\">\n\t\t\t\t\t<div class=\"eltdf-instructor-image\">\n\t\t\t\t<a itemprop=\"url\" href=\"https:\/\/ispaeducacion.edu.co\/?instructor=rivera-cuellar-july-marcela\">\n\t\t\t\t\t<img width=\"512\" height=\"512\" src=\"https:\/\/ispaeducacion.edu.co\/wp-content\/uploads\/2017\/10\/pngwing.com_.png\" class=\"attachment-full size-full\" alt=\"\" decoding=\"async\" loading=\"lazy\" srcset=\"https:\/\/ispaeducacion.edu.co\/wp-content\/uploads\/2017\/10\/pngwing.com_.png 512w, https:\/\/ispaeducacion.edu.co\/wp-content\/uploads\/2017\/10\/pngwing.com_-300x300.png 300w, https:\/\/ispaeducacion.edu.co\/wp-content\/uploads\/2017\/10\/pngwing.com_-150x150.png 150w, https:\/\/ispaeducacion.edu.co\/wp-content\/uploads\/2017\/10\/pngwing.com_-100x100.png 100w\" sizes=\"(max-width: 512px) 100vw, 512px\" \/>\t\t\t\t<\/a>\n\t\t\t<\/div>\n\t\t\t\t<div class=\"eltdf-instructor-info\">\n\t\t\t<div class=\"eltdf-instructor-title-holder\">\n\t\t\t\t<h5 itemprop=\"name\" class=\"eltdf-instructor-name entry-title\">\n\t\t\t\t\t<a itemprop=\"url\" href=\"https:\/\/ispaeducacion.edu.co\/?instructor=rivera-cuellar-july-marcela\">RIVERA CUELLAR JULY MARCELA<\/a>\n\t\t\t\t<\/h5>\n\t\t\t\t\t\t\t\t\t<span class=\"eltdf-instructor-position\">Orientadora<\/span>\n\t\t\t\t\t\t\t<\/div>\n\t\t<\/div>\n\t<\/div>\n<\/div><div class=\"eltdf-instructor eltdf-item-space simple\">\n\t<div class=\"eltdf-instructor-inner\">\n\t\t\t\t\t<div class=\"eltdf-instructor-image\">\n\t\t\t\t<a itemprop=\"url\" href=\"https:\/\/ispaeducacion.edu.co\/?instructor=fernandez-rodriguez-rosa\">\n\t\t\t\t\t<img width=\"512\" height=\"512\" src=\"https:\/\/ispaeducacion.edu.co\/wp-content\/uploads\/2017\/10\/pngwing.com_.png\" class=\"attachment-full size-full\" alt=\"\" decoding=\"async\" loading=\"lazy\" srcset=\"https:\/\/ispaeducacion.edu.co\/wp-content\/uploads\/2017\/10\/pngwing.com_.png 512w, https:\/\/ispaeducacion.edu.co\/wp-content\/uploads\/2017\/10\/pngwing.com_-300x300.png 300w, https:\/\/ispaeducacion.edu.co\/wp-content\/uploads\/2017\/10\/pngwing.com_-150x150.png 150w, https:\/\/ispaeducacion.edu.co\/wp-content\/uploads\/2017\/10\/pngwing.com_-100x100.png 100w\" sizes=\"(max-width: 512px) 100vw, 512px\" \/>\t\t\t\t<\/a>\n\t\t\t<\/div>\n\t\t\t\t<div class=\"eltdf-instructor-info\">\n\t\t\t<div class=\"eltdf-instructor-title-holder\">\n\t\t\t\t<h5 itemprop=\"name\" class=\"eltdf-instructor-name entry-title\">\n\t\t\t\t\t<a itemprop=\"url\" href=\"https:\/\/ispaeducacion.edu.co\/?instructor=fernandez-rodriguez-rosa\">FERNANDEZ RODRIGUEZ ROSA<\/a>\n\t\t\t\t<\/h5>\n\t\t\t\t\t\t\t\t\t<span class=\"eltdf-instructor-position\">SECRETARIA ACAD\u00c9MICA<\/span>\n\t\t\t\t\t\t\t<\/div>\n\t\t<\/div>\n\t<\/div>\n<\/div><div class=\"eltdf-instructor eltdf-item-space simple\">\n\t<div class=\"eltdf-instructor-inner\">\n\t\t\t\t\t<div class=\"eltdf-instructor-image\">\n\t\t\t\t<a itemprop=\"url\" href=\"https:\/\/ispaeducacion.edu.co\/?instructor=jill-king\">\n\t\t\t\t\t<img width=\"512\" height=\"512\" src=\"https:\/\/ispaeducacion.edu.co\/wp-content\/uploads\/2017\/10\/pngwing.com_.png\" class=\"attachment-full size-full\" alt=\"\" decoding=\"async\" loading=\"lazy\" srcset=\"https:\/\/ispaeducacion.edu.co\/wp-content\/uploads\/2017\/10\/pngwing.com_.png 512w, https:\/\/ispaeducacion.edu.co\/wp-content\/uploads\/2017\/10\/pngwing.com_-300x300.png 300w, https:\/\/ispaeducacion.edu.co\/wp-content\/uploads\/2017\/10\/pngwing.com_-150x150.png 150w, https:\/\/ispaeducacion.edu.co\/wp-content\/uploads\/2017\/10\/pngwing.com_-100x100.png 100w\" sizes=\"(max-width: 512px) 100vw, 512px\" \/>\t\t\t\t<\/a>\n\t\t\t<\/div>\n\t\t\t\t<div class=\"eltdf-instructor-info\">\n\t\t\t<div class=\"eltdf-instructor-title-holder\">\n\t\t\t\t<h5 itemprop=\"name\" class=\"eltdf-instructor-name entry-title\">\n\t\t\t\t\t<a itemprop=\"url\" href=\"https:\/\/ispaeducacion.edu.co\/?instructor=jill-king\">JAIMES HERRERA NANCY PATRICIA<\/a>\n\t\t\t\t<\/h5>\n\t\t\t\t\t\t\t\t\t<span class=\"eltdf-instructor-position\">Coordinadora Acad\u00e9mica<\/span>\n\t\t\t\t\t\t\t<\/div>\n\t\t<\/div>\n\t<\/div>\n<\/div>\t<\/div>\n<\/div>[vc_empty_space height=&#8221;10px&#8221;][vc_row_inner row_content_width=&#8221;grid&#8221;][vc_column_inner width=&#8221;1\/3&#8243;][\/vc_column_inner][vc_column_inner width=&#8221;1\/3&#8243;]<\/p>\n<div align=\"center\"><a itemprop=\"url\" href=\"https:\/\/ispaeducacion.edu.co\/?page_id=5010\" target=\"_self\"  class=\"eltdf-btn eltdf-btn-medium eltdf-btn-solid eltdf-btn-default eltdf-btn-icon .center-content { display: flex; justify-content: center; } \"  >\n    <span class=\"eltdf-btn-text\">Ver todos<\/span>\n    <i class=\"eltdf-icon-font-awesome fa fa-caret-down \" ><\/i>    <\/a><\/div>\n<p>[\/vc_column_inner][vc_column_inner width=&#8221;1\/3&#8243;][\/vc_column_inner][\/vc_row_inner][vc_row_inner css=&#8221;.vc_custom_1508928356627{padding-top: 30px !important;background-image: url(http:\/\/esmarts.elated-themes.com\/wp-content\/uploads\/2017\/10\/h3-backgoround-2.png?id=476) !important;background-position: center !important;background-repeat: no-repeat !important;background-size: contain !important;}&#8221;][vc_column_inner]<div class=\"eltdf-section-title-holder  eltdf-st-has-watermark\" style=\"text-align: center\">\n\t<div class=\"eltdf-st-inner\">\n\t\t\t\t\t<span class=\"eltdf-st-watermark\" >\n\t\t\t\tComunidad ISPA\t\t\t<\/span>\n\t\t\t\t\t\t\t<span class=\"eltdf-st-tagline\" >\n\t\t\t\tNo somos un colegio m\u00e1s\t\t\t<\/span>\n\t\t\t\t\t\t\t<h2 class=\"eltdf-st-title\" >\n\t\t\t\tOpiniones de nuestros estudiantes y padres de familia\t\t\t<\/h2>\n\t\t\t\t\t<\/div>\n<\/div>[vc_empty_space height=&#8221;13px&#8221;]<div class=\"eltdf-elements-holder   eltdf-one-column  eltdf-responsive-mode-768 \" ><div class=\"eltdf-eh-item   eltdf-horizontal-alignment-center \"  data-item-class=\"eltdf-eh-custom-4503\" data-1024-1280=\"0px 23% 10px\" data-768-1024=\"0px 18% 10px\" data-680-768=\"0px 10% 10px\" data-680=\"0px 6% 10px\">\n\t<div class=\"eltdf-eh-item-inner\">\n\t\t<div class=\"eltdf-eh-item-content eltdf-eh-custom-4503\" style=\"padding: 0px 30% 10px\">\n\t\t\t<div class=\"eltdf-testimonials-holder eltdf-testimonials-elegant   clearfix\"><div class=\"eltdf-testimonials eltdf-owl-slider eltdf-owl-custom-slider\" data-number-of-items=\"1\"  data-enable-loop=\"yes\" data-enable-autoplay=\"yes\" data-slider-speed=\"3000\" data-slider-speed-animation=\"600\" data-enable-navigation=\"no\" data-enable-pagination=\"no\"><div class=\"eltdf-testimonial-content\" id=\"eltdf-testimonials-3993\">\n\t<div class=\"eltdf-testimonial-content-inner\">\n\t\t\t\t\t<p class=\"eltdf-testimonial-text\"> \u00a1El Colegio ISPA tiene un ambiente acogedor y profesores excepcionales que realmente se preocupan por el progreso de cada estudiante!<\/p>\n\t\t\t<\/div>\n<\/div><div class=\"eltdf-testimonial-content\" id=\"eltdf-testimonials-3989\">\n\t<div class=\"eltdf-testimonial-content-inner\">\n\t\t\t\t\t<p class=\"eltdf-testimonial-text\">Estoy encantado con la variedad de actividades extracurriculares que ofrece el Colegio ISPA, \u00a1es genial ver a los ni\u00f1os aprender mientras se divierten!<\/p>\n\t\t\t<\/div>\n<\/div><div class=\"eltdf-testimonial-content\" id=\"eltdf-testimonials-3985\">\n\t<div class=\"eltdf-testimonial-content-inner\">\n\t\t\t\t\t<p class=\"eltdf-testimonial-text\">Como madre, me siento tranquila al saber que mi hijo asiste al Colegio ISPA, donde la seguridad y el cuidado de los alumnos son prioritarios.<\/p>\n\t\t\t<\/div>\n<\/div><div class=\"eltdf-testimonial-content\" id=\"eltdf-testimonials-3981\">\n\t<div class=\"eltdf-testimonial-content-inner\">\n\t\t\t\t\t<p class=\"eltdf-testimonial-text\">La calidad de la educaci\u00f3n en el Colegio ISPA es insuperable, los m\u00e9todos de ense\u00f1anza son innovadores y efectivos.<\/p>\n\t\t\t<\/div>\n<\/div><\/div><div class=\"eltdf-testimonial-image-nav eltdf-owl-slider eltdf-owl-custom-slider\"><div class=\"eltdf-testimonial-image\"><img width=\"94\" height=\"94\" src=\"https:\/\/ispaeducacion.edu.co\/wp-content\/uploads\/2017\/10\/h3-t5-100x100.png\" class=\"attachment-94x94 size-94x94 wp-post-image\" alt=\"a\" decoding=\"async\" loading=\"lazy\" srcset=\"https:\/\/ispaeducacion.edu.co\/wp-content\/uploads\/2017\/10\/h3-t5-100x100.png 100w, https:\/\/ispaeducacion.edu.co\/wp-content\/uploads\/2017\/10\/h3-t5-150x150.png 150w, https:\/\/ispaeducacion.edu.co\/wp-content\/uploads\/2017\/10\/h3-t5.png 200w\" sizes=\"(max-width: 94px) 100vw, 94px\" \/><\/div><div class=\"eltdf-testimonial-image\"><img width=\"94\" height=\"94\" src=\"https:\/\/ispaeducacion.edu.co\/wp-content\/uploads\/2017\/10\/h3-t4-100x100.png\" class=\"attachment-94x94 size-94x94 wp-post-image\" alt=\"a\" decoding=\"async\" loading=\"lazy\" srcset=\"https:\/\/ispaeducacion.edu.co\/wp-content\/uploads\/2017\/10\/h3-t4-100x100.png 100w, https:\/\/ispaeducacion.edu.co\/wp-content\/uploads\/2017\/10\/h3-t4-150x150.png 150w, https:\/\/ispaeducacion.edu.co\/wp-content\/uploads\/2017\/10\/h3-t4.png 200w\" sizes=\"(max-width: 94px) 100vw, 94px\" \/><\/div><div class=\"eltdf-testimonial-image\"><img width=\"94\" height=\"94\" src=\"https:\/\/ispaeducacion.edu.co\/wp-content\/uploads\/2017\/10\/h3-t3-100x100.png\" class=\"attachment-94x94 size-94x94 wp-post-image\" alt=\"a\" decoding=\"async\" loading=\"lazy\" srcset=\"https:\/\/ispaeducacion.edu.co\/wp-content\/uploads\/2017\/10\/h3-t3-100x100.png 100w, https:\/\/ispaeducacion.edu.co\/wp-content\/uploads\/2017\/10\/h3-t3-150x150.png 150w, https:\/\/ispaeducacion.edu.co\/wp-content\/uploads\/2017\/10\/h3-t3.png 200w\" sizes=\"(max-width: 94px) 100vw, 94px\" \/><\/div><div class=\"eltdf-testimonial-image\"><img width=\"94\" height=\"94\" src=\"https:\/\/ispaeducacion.edu.co\/wp-content\/uploads\/2017\/10\/h3-t1-100x100.png\" class=\"attachment-94x94 size-94x94 wp-post-image\" alt=\"a\" decoding=\"async\" loading=\"lazy\" srcset=\"https:\/\/ispaeducacion.edu.co\/wp-content\/uploads\/2017\/10\/h3-t1-100x100.png 100w, https:\/\/ispaeducacion.edu.co\/wp-content\/uploads\/2017\/10\/h3-t1-150x150.png 150w, https:\/\/ispaeducacion.edu.co\/wp-content\/uploads\/2017\/10\/h3-t1.png 200w\" sizes=\"(max-width: 94px) 100vw, 94px\" \/><\/div><\/div><div class=\"eltdf-testimonial-author-nav eltdf-owl-slider eltdf-owl-custom-slider\"><div class=\"eltdf-testimonial-author-nav-item\"><h4 class=\"eltdf-testimonial-author\">Ana M<\/h4><\/div><div class=\"eltdf-testimonial-author-nav-item\"><h4 class=\"eltdf-testimonial-author\">Carlos R<\/h4><\/div><div class=\"eltdf-testimonial-author-nav-item\"><h4 class=\"eltdf-testimonial-author\">Laura G<\/h4><\/div><div class=\"eltdf-testimonial-author-nav-item\"><h4 class=\"eltdf-testimonial-author\">Luis F<\/h4><\/div><\/div><\/div>\t\t<\/div>\n\t<\/div>\n<\/div><\/div>[vc_empty_space height=&#8221;20px&#8221;][vc_single_image image=&#8221;483&#8243; img_size=&#8221;full&#8221;][\/vc_column_inner][\/vc_row_inner][\/vc_column][\/vc_row][vc_row][vc_column][vc_custom_heading source=&#8221;post_title&#8221; font_container=&#8221;tag:h2|text_align:center|color:%237aa4fc&#8221; google_fonts=&#8221;font_family:Montserrat%3Aregular%2C700|font_style:700%20bold%20regular%3A700%3Anormal&#8221;][\/vc_column][\/vc_row][vc_row row_content_width=&#8221;grid&#8221; disable_background_image=&#8221;&#8221; css=&#8221;.vc_custom_1509373264275{padding-top: 98px !important;padding-bottom: 96px !important;background-position: center !important;background-repeat: no-repeat !important;background-size: contain !important;}&#8221; simple_background_image=&#8221;3544&#8243;][vc_column css=&#8221;.vc_custom_1509373463205{padding-top: 0px !important;}&#8221; offset=&#8221;vc_col-lg-5 vc_col-md-5&#8243;][vc_column_text]<\/p>\n<h3>Informaci\u00f3n de Contacto<\/h3>\n<p>[\/vc_column_text][vc_empty_space height=&#8221;5px&#8221;][vc_column_text]<span class=\"eltdf-st-text\">A continuaci\u00f3n podr\u00e1s encontrar los datos de contacto y los horarios de atenci\u00f3n<\/span>[\/vc_column_text][vc_empty_space height=&#8221;5px&#8221;]<h2 class=\"eltdf-custom-font-holder  eltdf-cf-1075  \" style=\"font-family: Montserrat;font-size: 16px;line-height: 20px;font-weight: 700;text-align: left;color: #42495b\" data-item-class=\"eltdf-cf-1075\">\n\tSede Libertador<\/h2><div class=\"eltdf-icon-list-holder \" style=\"margin-bottom: 1px\">\n\t<div class=\"eltdf-il-icon-holder\">\n\t\t<span aria-hidden=\"true\" class=\"eltdf-icon-linear-icons lnr lnr-clock \" style=\"color: #808080;font-size: 17px\"><\/span>\t<\/div>\n\t<p class=\"eltdf-il-text\" style=\"font-size: 14px\">Horario secretaria: Lunes a Viernes de 6:30 am a 1:00 pm - 1:30 pm a 4:30 pm<\/p>\n<\/div>[vc_empty_space height=&#8221;7px&#8221;]<div class=\"eltdf-icon-list-holder \" style=\"margin-bottom: 1px\">\n\t<div class=\"eltdf-il-icon-holder\">\n\t\t<span aria-hidden=\"true\" class=\"eltdf-icon-linear-icons lnr lnr-bubble \" style=\"color: #808080;font-size: 17px\"><\/span>\t<\/div>\n\t<p class=\"eltdf-il-text\" style=\"font-size: 14px\">Secretar\u00eda: ispa.libertador@ispaeducacion.edu.co<\/p>\n<\/div>[vc_empty_space height=&#8221;7px&#8221;]<div class=\"eltdf-icon-list-holder \" style=\"margin-bottom: 1px\">\n\t<div class=\"eltdf-il-icon-holder\">\n\t\t<span aria-hidden=\"true\" class=\"eltdf-icon-linear-icons lnr lnr-phone-handset \" style=\"color: #808080;font-size: 17px\"><\/span>\t<\/div>\n\t<p class=\"eltdf-il-text\" style=\"font-size: 14px\">6017462138 Ext. 121 - 3507410678<\/p>\n<\/div>[vc_empty_space height=&#8221;7px&#8221;]<div class=\"eltdf-icon-list-holder \" style=\"margin-bottom: 1px\">\n\t<div class=\"eltdf-il-icon-holder\">\n\t\t<span aria-hidden=\"true\" class=\"eltdf-icon-linear-icons lnr lnr-bubble \" style=\"color: #808080;font-size: 17px\"><\/span>\t<\/div>\n\t<p class=\"eltdf-il-text\" style=\"font-size: 14px\">Coordinaci\u00f3n acad\u00e9mica: coordinaci\u00f3n.academica@ispaeducacion.edu.co<\/p>\n<\/div>[vc_empty_space height=&#8221;7px&#8221;]<div class=\"eltdf-icon-list-holder \" style=\"margin-bottom: 1px\">\n\t<div class=\"eltdf-il-icon-holder\">\n\t\t<span aria-hidden=\"true\" class=\"eltdf-icon-linear-icons lnr lnr-phone-handset \" style=\"color: #808080;font-size: 17px\"><\/span>\t<\/div>\n\t<p class=\"eltdf-il-text\" style=\"font-size: 14px\">3209922336<\/p>\n<\/div>[vc_empty_space height=&#8221;7px&#8221;]<div class=\"eltdf-icon-list-holder \" style=\"margin-bottom: 1px\">\n\t<div class=\"eltdf-il-icon-holder\">\n\t\t<span aria-hidden=\"true\" class=\"eltdf-icon-linear-icons lnr lnr-bubble \" style=\"color: #808080;font-size: 17px\"><\/span>\t<\/div>\n\t<p class=\"eltdf-il-text\" style=\"font-size: 14px\">Orientaci\u00f3n: orientaci\u00f3n.ispa@ispaeducacion.edu.co \u2013 psicoorientacion.libertador@ispaeducacion.edu.co<\/p>\n<\/div>[vc_empty_space height=&#8221;7px&#8221;]<div class=\"eltdf-icon-list-holder \" style=\"margin-bottom: 1px\">\n\t<div class=\"eltdf-il-icon-holder\">\n\t\t<span aria-hidden=\"true\" class=\"eltdf-icon-linear-icons lnr lnr-bubble \" style=\"color: #808080;font-size: 17px\"><\/span>\t<\/div>\n\t<p class=\"eltdf-il-text\" style=\"font-size: 14px\">Gesti\u00f3n de cartera y facturaci\u00f3n: auxiliar.contable@ispaeducacion.edu.co<\/p>\n<\/div>[vc_empty_space height=&#8221;7px&#8221;]<div class=\"eltdf-icon-list-holder \" style=\"margin-bottom: 1px\">\n\t<div class=\"eltdf-il-icon-holder\">\n\t\t<span aria-hidden=\"true\" class=\"eltdf-icon-linear-icons lnr lnr-bubble \" style=\"color: #808080;font-size: 17px\"><\/span>\t<\/div>\n\t<p class=\"eltdf-il-text\" style=\"font-size: 14px\">Tesorer\u00eda: tesoreria.ispa@ispaeducacion.edu.co<\/p>\n<\/div>[vc_empty_space height=&#8221;7px&#8221;]<div class=\"eltdf-icon-list-holder \" style=\"margin-bottom: 1px\">\n\t<div class=\"eltdf-il-icon-holder\">\n\t\t<span aria-hidden=\"true\" class=\"eltdf-icon-linear-icons lnr lnr-phone-handset \" style=\"color: #808080;font-size: 17px\"><\/span>\t<\/div>\n\t<p class=\"eltdf-il-text\" style=\"font-size: 14px\">3212925253<\/p>\n<\/div>[vc_empty_space height=&#8221;7px&#8221;]<div class=\"eltdf-icon-list-holder \" style=\"margin-bottom: 1px\">\n\t<div class=\"eltdf-il-icon-holder\">\n\t\t<span aria-hidden=\"true\" class=\"eltdf-icon-linear-icons lnr lnr-bubble \" style=\"color: #808080;font-size: 17px\"><\/span>\t<\/div>\n\t<p class=\"eltdf-il-text\" style=\"font-size: 14px\">Rector\u00eda: direcci\u00f3n.general@ispaeducacion.edu.co<\/p>\n<\/div>[vc_empty_space height=&#8221;7px&#8221;]<div class=\"eltdf-icon-list-holder \" style=\"margin-bottom: 1px\">\n\t<div class=\"eltdf-il-icon-holder\">\n\t\t<span aria-hidden=\"true\" class=\"eltdf-icon-linear-icons lnr lnr-apartment \" style=\"color: #808080;font-size: 17px\"><\/span>\t<\/div>\n\t<p class=\"eltdf-il-text\" style=\"font-size: 14px\">Carrera 24 B No. 29 A 02 SUR Barrio Libertador<\/p>\n<\/div>[\/vc_column][vc_column css=&#8221;.vc_custom_1509373477453{padding-top: 0px !important;}&#8221; offset=&#8221;vc_col-lg-7 vc_col-md-7&#8243;][vc_empty_space height=&#8221;28px&#8221;][vc_row_inner css=&#8221;.vc_custom_1687195734754{background-color: #ffffff !important;}&#8221;][vc_column_inner]<div class=\"eltdf-iwt clearfix  eltdf-iwt-icon-left eltdf-iwt-icon-tiny\">\n\t<div class=\"eltdf-iwt-icon\">\n\t\t\t\t\t\t\t\t\t<img width=\"64\" height=\"64\" src=\"https:\/\/ispaeducacion.edu.co\/wp-content\/uploads\/2023\/06\/correo-electronico-2.png\" class=\"attachment-full size-full\" alt=\"\" decoding=\"async\" loading=\"lazy\" \/>\t\t\t\t\t\t<\/div>\n\t<div class=\"eltdf-iwt-content\" >\n\t\t\t\t\t<h4 class=\"eltdf-iwt-title\" >\n\t\t\t\t\t\t\t\t<span class=\"eltdf-iwt-title-text\">Cont\u00e1ctenos<\/span>\n\t\t\t\t\t\t\t<\/h4>\n\t\t\t\t\t\t\t<p class=\"eltdf-iwt-text\" >Completa la siguiente informaci\u00f3n y en poco tiempo nos comunicaremos contigo.<\/p>\n\t\t\t<\/div>\n<\/div>\n<div class=\"wpcf7 no-js\" id=\"wpcf7-f2567-o1\" lang=\"en-US\" dir=\"ltr\">\n<div class=\"screen-reader-response\"><p role=\"status\" aria-live=\"polite\" aria-atomic=\"true\"><\/p> <ul><\/ul><\/div>\n<form action=\"\/index.php?rest_route=%2Fwp%2Fv2%2Fpages%2F4777#wpcf7-f2567-o1\" method=\"post\" class=\"wpcf7-form init\" aria-label=\"Contact form\" novalidate=\"novalidate\" data-status=\"init\">\n<div style=\"display: none;\">\n<input type=\"hidden\" name=\"_wpcf7\" value=\"2567\" \/>\n<input type=\"hidden\" name=\"_wpcf7_version\" value=\"5.7.7\" \/>\n<input type=\"hidden\" name=\"_wpcf7_locale\" value=\"en_US\" \/>\n<input type=\"hidden\" name=\"_wpcf7_unit_tag\" value=\"wpcf7-f2567-o1\" \/>\n<input type=\"hidden\" name=\"_wpcf7_container_post\" value=\"0\" \/>\n<input type=\"hidden\" name=\"_wpcf7_posted_data_hash\" value=\"\" \/>\n<\/div>\n<div style=\"margin-top: 30px;\">\n\t<div class=\"eltdf-cf7-newsletter eltdf-grid-row eltdf-grid-big-gutter\";>\n\t\t<div class=\"eltdf-grid-col-6 \">\n\t\t\t<p><span class=\"wpcf7-form-control-wrap\" data-name=\"your-name\"><input size=\"40\" class=\"wpcf7-form-control wpcf7-text wpcf7-validates-as-required\" aria-required=\"true\" aria-invalid=\"false\" placeholder=\"Nombre Completo\" value=\"\" type=\"text\" name=\"your-name\" \/><\/span>\n\t\t\t<\/p>\n\t\t<\/div>\n\t\t<div class=\"eltdf-grid-col-6 \">\n\t\t\t<p><span class=\"wpcf7-form-control-wrap\" data-name=\"your-email\"><input size=\"40\" class=\"wpcf7-form-control wpcf7-text wpcf7-email wpcf7-validates-as-required wpcf7-validates-as-email\" aria-required=\"true\" aria-invalid=\"false\" placeholder=\"Correo electr\u00f3nico\" value=\"\" type=\"email\" name=\"your-email\" \/><\/span>\n\t\t\t<\/p>\n\t\t<\/div>\n\t<\/div>\n\t<p><span class=\"wpcf7-form-control-wrap\" data-name=\"your-website\"><input size=\"40\" class=\"wpcf7-form-control wpcf7-text wpcf7-validates-as-required\" aria-required=\"true\" aria-invalid=\"false\" placeholder=\"Asunto\" value=\"\" type=\"text\" name=\"your-website\" \/><\/span><br \/>\n<span class=\"wpcf7-form-control-wrap\" data-name=\"message\"><textarea cols=\"20\" rows=\"4\" class=\"wpcf7-form-control wpcf7-textarea wpcf7-validates-as-required\" aria-required=\"true\" aria-invalid=\"false\" placeholder=\"Mensaje\" name=\"message\"><\/textarea><\/span>\n\t<\/p>\n\t<div class=\"eltdf-contact-form-animation\" style=\"display: block; margin-top: 60px; text-align: center;\">\n\t\t<p><input class=\"wpcf7-form-control has-spinner wpcf7-submit\" type=\"submit\" value=\"Enviar Mensaje\" \/>\n\t\t<\/p>\n\t<\/div>\n<\/div><div class=\"wpcf7-response-output\" aria-hidden=\"true\"><\/div>\n<\/form>\n<\/div>\n[\/vc_column_inner][\/vc_row_inner][vc_empty_space height=&#8221;30px&#8221;][\/vc_column][\/vc_row][vc_row][vc_column][vc_raw_html]JTNDaWZyYW1lJTIwc3JjJTNEJTIyaHR0cHMlM0ElMkYlMkZ3d3cuZ29vZ2xlLmNvbSUyRm1hcHMlMkZlbWJlZCUzRnBiJTNEJTIxMW0xOCUyMTFtMTIlMjExbTMlMjExZDM5NzcuMDUyNDM2Mzc0MTg4MyUyMTJkLTc0LjExNTUzMTAyNTE5NTg2JTIxM2Q0LjU4NDYwOTg0MjY1MzQyMyUyMTJtMyUyMTFmMCUyMTJmMCUyMTNmMCUyMTNtMiUyMTFpMTAyNCUyMTJpNzY4JTIxNGYxMy4xJTIxM20zJTIxMW0yJTIxMXMweDhlM2Y5OGQ3NzAwMGEwYmIlMjUzQTB4MmY4Mjg3M2Y1YjQ1OThkJTIxMnNJbnN0aXR1dG8lMjUyMFNhbiUyNTIwUGFibG8lMjUyMEFwb3N0b2wlMjE1ZTAlMjEzbTIlMjExc2VzJTIxMnNjbyUyMTR2MTY4NzE5NDQ0ODY0MyUyMTVtMiUyMTFzZXMlMjEyc2NvJTIyJTIwd2lkdGglM0QlMjIyMDAwJTIyJTIwaGVpZ2h0JTNEJTIyNDAwJTIyJTIwc3R5bGUlM0QlMjJib3JkZXIlM0EwJTNCJTIyJTIwYWxsb3dmdWxsc2NyZWVuJTNEJTIyJTIyJTIwbG9hZGluZyUzRCUyMmxhenklMjIlMjByZWZlcnJlcnBvbGljeSUzRCUyMm5vLXJlZmVycmVyLXdoZW4tZG93bmdyYWRlJTIyJTNFJTNDJTJGaWZyYW1lJTNF[\/vc_raw_html][vc_single_image image=&#8221;4944&#8243; img_size=&#8221;large&#8221; alignment=&#8221;center&#8221;][\/vc_column][\/vc_row][vc_row row_content_width=&#8221;grid&#8221; css=&#8221;.vc_custom_1508162210327{padding-top: 100px !important;padding-bottom: 73px !important;}&#8221; simple_background_color=&#8221;#ffffff&#8221;][vc_column]<div class=\"eltdf-section-title-holder  eltdf-st-has-watermark\" style=\"padding: 0 19%;text-align: center\">\n\t<div class=\"eltdf-st-inner\">\n\t\t\t\t\t<span class=\"eltdf-st-watermark\" >\n\t\t\t\tISPA\t\t\t<\/span>\n\t\t\t\t\t\t\t<span class=\"eltdf-st-tagline\" >\n\t\t\t\t\u00bfPor qu\u00e9 no somos un colegio m\u00e1s?\t\t\t<\/span>\n\t\t\t\t\t\t\t<h2 class=\"eltdf-st-title\" >\n\t\t\t\tNestros Pilares\t\t\t<\/h2>\n\t\t\t\t\t\t\t<span class=\"eltdf-st-text\" >\n\t\t\t\tTres grandes pilares sostienen la obra del Instituto\t\t\t<\/span>\n\t\t\t<\/div>\n<\/div>[vc_empty_space height=&#8221;93px&#8221;]<div class=\"eltdf-elements-holder   eltdf-three-columns  eltdf-responsive-mode-768 \" ><div class=\"eltdf-eh-item    \"  data-item-class=\"eltdf-eh-custom-9593\" data-1280-1600=\"8px 75px 0px\" data-1024-1280=\"8px 50px 0px\" data-768-1024=\"8px 0px 0px\" data-680-768=\"0px 50px\" data-680=\"0px\">\n\t<div class=\"eltdf-eh-item-inner\">\n\t\t<div class=\"eltdf-eh-item-content eltdf-eh-custom-9593\" style=\"padding: 8px 75px 0\">\n\t\t\t<div class=\"eltdf-iwt clearfix  eltdf-iwt-icon-top eltdf-iwt-icon-small\">\n\t<div class=\"eltdf-iwt-icon\">\n\t\t\t\t\t<a itemprop=\"url\" href=\"#\" target=\"_self\">\n\t\t\t\t\t\t\t\t\t<img width=\"512\" height=\"512\" src=\"https:\/\/ispaeducacion.edu.co\/wp-content\/uploads\/2023\/07\/orar.png\" class=\"attachment-full size-full\" alt=\"\" decoding=\"async\" loading=\"lazy\" srcset=\"https:\/\/ispaeducacion.edu.co\/wp-content\/uploads\/2023\/07\/orar.png 512w, https:\/\/ispaeducacion.edu.co\/wp-content\/uploads\/2023\/07\/orar-300x300.png 300w, https:\/\/ispaeducacion.edu.co\/wp-content\/uploads\/2023\/07\/orar-150x150.png 150w, https:\/\/ispaeducacion.edu.co\/wp-content\/uploads\/2023\/07\/orar-100x100.png 100w\" sizes=\"(max-width: 512px) 100vw, 512px\" \/>\t\t\t\t\t\t\t\t<\/a>\n\t\t\t<\/div>\n\t<div class=\"eltdf-iwt-content\" style=\"padding-top: 0px\">\n\t\t\t\t\t<h4 class=\"eltdf-iwt-title\" style=\"margin-top: 3px\">\n\t\t\t\t\t\t\t\t\t<a itemprop=\"url\" href=\"#\" target=\"_self\">\n\t\t\t\t\t\t\t\t<span class=\"eltdf-iwt-title-text\">Valores cristianos<\/span>\n\t\t\t\t\t\t\t\t\t<\/a>\n\t\t\t\t\t\t\t<\/h4>\n\t\t\t\t\t\t\t<p class=\"eltdf-iwt-text\" style=\"margin-top: 11px\">Los valores cristianos, s\u00f3lidamente inculcados en todos los miembros de la comunidad educativa.<\/p>\n\t\t\t<\/div>\n<\/div>[vc_empty_space height=&#8221;50px&#8221;]\t\t<\/div>\n\t<\/div>\n<\/div><div class=\"eltdf-eh-item    \"  data-item-class=\"eltdf-eh-custom-9379\" data-1280-1600=\"1px 75px 0px\" data-1024-1280=\"1px 50px 0px\" data-768-1024=\"0px\" data-680-768=\"0px 50px\" data-680=\"0px\">\n\t<div class=\"eltdf-eh-item-inner\">\n\t\t<div class=\"eltdf-eh-item-content eltdf-eh-custom-9379\" style=\"padding: 0px 75px\">\n\t\t\t<div class=\"eltdf-iwt clearfix  eltdf-iwt-icon-top eltdf-iwt-icon-small\">\n\t<div class=\"eltdf-iwt-icon\">\n\t\t\t\t\t<a itemprop=\"url\" href=\"#\" target=\"_self\">\n\t\t\t\t\t\t\t\t\t<img width=\"512\" height=\"512\" src=\"https:\/\/ispaeducacion.edu.co\/wp-content\/uploads\/2023\/07\/inteligente.png\" class=\"attachment-full size-full\" alt=\"\" decoding=\"async\" loading=\"lazy\" srcset=\"https:\/\/ispaeducacion.edu.co\/wp-content\/uploads\/2023\/07\/inteligente.png 512w, https:\/\/ispaeducacion.edu.co\/wp-content\/uploads\/2023\/07\/inteligente-300x300.png 300w, https:\/\/ispaeducacion.edu.co\/wp-content\/uploads\/2023\/07\/inteligente-150x150.png 150w, https:\/\/ispaeducacion.edu.co\/wp-content\/uploads\/2023\/07\/inteligente-100x100.png 100w\" sizes=\"(max-width: 512px) 100vw, 512px\" \/>\t\t\t\t\t\t\t\t<\/a>\n\t\t\t<\/div>\n\t<div class=\"eltdf-iwt-content\" style=\"padding-top: 0px\">\n\t\t\t\t\t<h4 class=\"eltdf-iwt-title\" style=\"margin-top: 10px\">\n\t\t\t\t\t\t\t\t\t<a itemprop=\"url\" href=\"#\" target=\"_self\">\n\t\t\t\t\t\t\t\t<span class=\"eltdf-iwt-title-text\">Excelencia<\/span>\n\t\t\t\t\t\t\t\t\t<\/a>\n\t\t\t\t\t\t\t<\/h4>\n\t\t\t\t\t\t\t<p class=\"eltdf-iwt-text\" style=\"margin-top: 11px\">La excelencia en todo. S\u00edntesis de la formaci\u00f3n en criterios, conocimiento y raz\u00f3n.<\/p>\n\t\t\t<\/div>\n<\/div>[vc_empty_space height=&#8221;50px&#8221;]\t\t<\/div>\n\t<\/div>\n<\/div><div class=\"eltdf-eh-item    \"  data-item-class=\"eltdf-eh-custom-5588\" data-1280-1600=\"1px 75px 0px\" data-1024-1280=\"1px 50px 0px\" data-768-1024=\"1px 0px 0px\" data-680-768=\"0px 50px\" data-680=\"0px\">\n\t<div class=\"eltdf-eh-item-inner\">\n\t\t<div class=\"eltdf-eh-item-content eltdf-eh-custom-5588\" style=\"padding: 0px 75px 0px\">\n\t\t\t<div class=\"eltdf-iwt clearfix  eltdf-iwt-icon-top eltdf-iwt-icon-small\">\n\t<div class=\"eltdf-iwt-icon\">\n\t\t\t\t\t<a itemprop=\"url\" href=\"#\" target=\"_self\">\n\t\t\t\t\t\t\t\t\t<img width=\"512\" height=\"512\" src=\"https:\/\/ispaeducacion.edu.co\/wp-content\/uploads\/2023\/07\/grupo.png\" class=\"attachment-full size-full\" alt=\"\" decoding=\"async\" loading=\"lazy\" srcset=\"https:\/\/ispaeducacion.edu.co\/wp-content\/uploads\/2023\/07\/grupo.png 512w, https:\/\/ispaeducacion.edu.co\/wp-content\/uploads\/2023\/07\/grupo-300x300.png 300w, https:\/\/ispaeducacion.edu.co\/wp-content\/uploads\/2023\/07\/grupo-150x150.png 150w, https:\/\/ispaeducacion.edu.co\/wp-content\/uploads\/2023\/07\/grupo-100x100.png 100w\" sizes=\"(max-width: 512px) 100vw, 512px\" \/>\t\t\t\t\t\t\t\t<\/a>\n\t\t\t<\/div>\n\t<div class=\"eltdf-iwt-content\" style=\"padding-top: 0px\">\n\t\t\t\t\t<h4 class=\"eltdf-iwt-title\" style=\"margin-top: 10px\">\n\t\t\t\t\t\t\t\t\t<a itemprop=\"url\" href=\"#\" target=\"_self\">\n\t\t\t\t\t\t\t\t<span class=\"eltdf-iwt-title-text\">Subsidiariedad<\/span>\n\t\t\t\t\t\t\t\t\t<\/a>\n\t\t\t\t\t\t\t<\/h4>\n\t\t\t\t\t\t\t<p class=\"eltdf-iwt-text\" style=\"margin-top: 11px\">Ofrecemos educaci\u00f3n de calidad a los j\u00f3venes de las clases sociales menos favorecidas a trav\u00e9s de programas como la fundaci\u00f3n Instituto San Pablo \u00c1postol.<\/p>\n\t\t\t<\/div>\n<\/div>[vc_empty_space height=&#8221;50px&#8221;]\t\t<\/div>\n\t<\/div>\n<\/div><\/div>[\/vc_column][\/vc_row][vc_row row_content_width=&#8221;grid&#8221; css=&#8221;.vc_custom_1690478511998{padding-top: 130px !important;padding-bottom: 130px !important;background-color: #04d2c8 !important;}&#8221; simple_background_color=&#8221;#04d2c8&#8243;][vc_column css=&#8221;.vc_custom_1507212856189{padding-top: 0px !important;}&#8221; offset=&#8221;vc_col-lg-6 vc_col-md-12&#8243;]<div class=\"eltdf-video-button-holder  eltdf-vb-has-img\">\n\t<div class=\"eltdf-video-button-image\">\n\t\t<img width=\"2560\" height=\"1920\" src=\"https:\/\/ispaeducacion.edu.co\/wp-content\/uploads\/2023\/07\/IMG_0889-scaled.jpg\" class=\"attachment-full size-full\" alt=\"\" decoding=\"async\" loading=\"lazy\" srcset=\"https:\/\/ispaeducacion.edu.co\/wp-content\/uploads\/2023\/07\/IMG_0889-scaled.jpg 2560w, https:\/\/ispaeducacion.edu.co\/wp-content\/uploads\/2023\/07\/IMG_0889-300x225.jpg 300w, https:\/\/ispaeducacion.edu.co\/wp-content\/uploads\/2023\/07\/IMG_0889-1024x768.jpg 1024w, https:\/\/ispaeducacion.edu.co\/wp-content\/uploads\/2023\/07\/IMG_0889-768x576.jpg 768w, https:\/\/ispaeducacion.edu.co\/wp-content\/uploads\/2023\/07\/IMG_0889-1536x1152.jpg 1536w, https:\/\/ispaeducacion.edu.co\/wp-content\/uploads\/2023\/07\/IMG_0889-600x450.jpg 600w\" sizes=\"(max-width: 2560px) 100vw, 2560px\" \/>\t<\/div>\n\t\t\t<a class=\"eltdf-video-button-play-image eltdf-vb-has-hover-image\" href=\"https:\/\/youtu.be\/Nmjd0q7mh_8\" target=\"_self\" data-rel=\"prettyPhoto[video_button_pretty_photo_947]\">\n\t\t\t<span class=\"eltdf-video-button-play-inner\">\n\t\t\t\t<img width=\"81\" height=\"81\" src=\"https:\/\/ispaeducacion.edu.co\/wp-content\/uploads\/2017\/10\/play-button.png\" class=\"attachment-full size-full\" alt=\"a\" decoding=\"async\" loading=\"lazy\" \/>\t\t\t\t\t\t\t\t\t<img width=\"81\" height=\"81\" src=\"https:\/\/ispaeducacion.edu.co\/wp-content\/uploads\/2017\/10\/play-button-hover.png\" class=\"attachment-full size-full\" alt=\"a\" decoding=\"async\" loading=\"lazy\" \/>\t\t\t\t\t\t\t<\/span>\n\t\t<\/a>\n\t<\/div>[\/vc_column][vc_column offset=&#8221;vc_col-lg-6 vc_col-md-12&#8243;]<div class=\"eltdf-elements-holder   eltdf-one-column  eltdf-responsive-mode-680 eltdf-one-column-alignment-center\" ><div class=\"eltdf-eh-item    \"  data-item-class=\"eltdf-eh-custom-6369\" data-1280-1600=\"42px 27px 0px 30px\" data-1024-1280=\"10px 27px 0px 30px\" data-768-1024=\"35px 0px 0px 0px\" data-680-768=\"35px 0px 0px 0px\" data-680=\"35px 0px 0px 0px\">\n\t<div class=\"eltdf-eh-item-inner\">\n\t\t<div class=\"eltdf-eh-item-content eltdf-eh-custom-6369\" style=\"padding: 41px 27px 0px 40px\">\n\t\t\t<div class=\"eltdf-section-title-holder  \" style=\"text-align: left\">\n\t<div class=\"eltdf-st-inner\">\n\t\t\t\t\t\t\t\t\t<h3 class=\"eltdf-st-title\" style=\"color: #ffffff\">\n\t\t\t\t\u00bfPor qu\u00e9 no somos un colegio m\u00e1s?\t\t\t<\/h3>\n\t\t\t\t\t\t\t<span class=\"eltdf-st-text\" style=\"color: #ffffff;margin-top: 25px\">\n\t\t\t\tEl Instituto San Pablo Ap\u00f3stol, inspirado en la vida y obra de San Juan Bosco y teniendo a Mar\u00eda Auxiliadora como su intercesora, desarrolla un proyecto comprometido en llevar la educaci\u00f3n a los sectores m\u00e1s necesitados de la ciudad y se empe\u00f1a en convertir la escuela en un lugar, donde a trav\u00e9s de la fe, de la esperanza y especialmente del amor y desde su Proyecto Educativo Institucional (PEI), proporcione una s\u00f3lida formaci\u00f3n \u00e9tica, moral, acad\u00e9mica y t\u00e9cnica, haciendo personas aut\u00f3nomas en valores que sean responsables y respetuosas de s\u00ed mismas y de los dem\u00e1s.\t\t\t<\/span>\n\t\t\t<\/div>\n<\/div>[vc_empty_space height=&#8221;37px&#8221;][vc_row_inner][vc_column_inner width=&#8221;1\/2&#8243;]<div class=\"eltdf-counter-holder \">\n\t<div class=\"eltdf-counter-inner\">\n\t\t\t\t\t\t\t<span class=\"eltdf-counter eltdf-zero-counter\" style=\"color: #ffffff\">500<\/span>\n\t\t\t\t\t\t\t<h4 class=\"eltdf-counter-title\" style=\"color: #ffffff\">\n\t\t\t\t+ Estudiantes graduados\t\t\t<\/h4>\n\t\t\t<\/div>\n<\/div>[vc_empty_space height=&#8221;10px&#8221;][\/vc_column_inner][vc_column_inner width=&#8221;1\/2&#8243;]<div class=\"eltdf-counter-holder \">\n\t<div class=\"eltdf-counter-inner\">\n\t\t\t\t\t\t\t<span class=\"eltdf-counter eltdf-zero-counter\" style=\"color: #ffffff\">55<\/span>\n\t\t\t\t\t\t\t<h4 class=\"eltdf-counter-title\" style=\"color: #ffffff\">\n\t\t\t\t+ A\u00f1os de experiencia\t\t\t<\/h4>\n\t\t\t<\/div>\n<\/div>[\/vc_column_inner][\/vc_row_inner]\t\t<\/div>\n\t<\/div>\n<\/div><\/div>[\/vc_column][\/vc_row][vc_row row_content_width=&#8221;grid&#8221; css=&#8221;.vc_custom_1507037802472{margin-bottom: 50px !important;padding-top: 130px !important;padding-bottom: 40px !important;background-image: url(http:\/\/esmarts.elated-themes.com\/wp-content\/uploads\/2017\/09\/h1-tabs-background.png?id=178) !important;background-position: center !important;background-repeat: no-repeat !important;background-size: contain !important;}&#8221;][vc_column css=&#8221;.vc_custom_1507037309686{padding-top: 0px !important;}&#8221;]<div class=\"eltdf-tabs  eltdf-tabs-vertical\">\n\t<ul class=\"eltdf-tabs-nav clearfix\">\n\t\t\t\t\t<li>\n\t\t\t\t\t\t\t\t\t<a href=\"#tab-mision\">Misi\u00f3n<\/a>\n\t\t\t\t\t\t\t<\/li>\n\t\t\t\t\t<li>\n\t\t\t\t\t\t\t\t\t<a href=\"#tab-vision\">Visi\u00f3n<\/a>\n\t\t\t\t\t\t\t<\/li>\n\t\t\t\t\t<li>\n\t\t\t\t\t\t\t\t\t<a href=\"#tab-nuestros-objetivos\">Nuestros Objetivos<\/a>\n\t\t\t\t\t\t\t<\/li>\n\t\t\t<\/ul>\n\t<div class=\"eltdf-tab-container\" id=\"tab-mision-197\">[vc_row_inner][vc_column_inner css=&#8221;.vc_custom_1507037319037{margin-top: -25px !important;padding-top: 0px !important;}&#8221;]<div class=\"eltdf-elements-holder   eltdf-one-column  eltdf-responsive-mode-768 \" ><div class=\"eltdf-eh-item    \"  data-item-class=\"eltdf-eh-custom-7635\" data-1280-1600=\"0px 220px 0px 0px\" data-1024-1280=\"0px 150px 0px 0px\" data-768-1024=\"0px 0px 0px 0px\" data-680-768=\"0px 0px 0px 0px\" data-680=\"0px 0px 0px 0px\">\n\t<div class=\"eltdf-eh-item-inner\">\n\t\t<div class=\"eltdf-eh-item-content eltdf-eh-custom-7635\" style=\"padding: 0px 250px 0px 0px\">\n\t\t\t<div class=\"eltdf-section-title-holder  eltdf-st-has-watermark\" style=\"text-align: left\">\n\t<div class=\"eltdf-st-inner\">\n\t\t\t\t\t<span class=\"eltdf-st-watermark\" >\n\t\t\t\tNuestra misi\u00f3n\t\t\t<\/span>\n\t\t\t\t\t\t\t\t\t<h2 class=\"eltdf-st-title\" >\n\t\t\t\tMisi\u00f3n\t\t\t<\/h2>\n\t\t\t\t\t\t\t<span class=\"eltdf-st-text\" >\n\t\t\t\tEl Instituto San Pablo Ap\u00f3stol es una comunidad educativa que tiene como prop\u00f3sito la formaci\u00f3n en valores humanos y cristianos de ni\u00f1os y adolescentes, dirigidos al fomento de la excelencia en educaci\u00f3n b\u00e1sica primaria, b\u00e1sica secundaria, media y formaci\u00f3n para el<br \/>\ntrabajo. Para esto, se compromete en el fortalecimiento de la unidad productiva de artes gr\u00e1ficas y sus actividades conexas.\t\t\t<\/span>\n\t\t\t<\/div>\n<\/div>\t\t<\/div>\n\t<\/div>\n<\/div><\/div>[vc_empty_space height=&#8221;41px&#8221;][vc_single_image image=&#8221;4884&#8243; img_size=&#8221;medium&#8221; onclick=&#8221;link_image&#8221;][vc_empty_space height=&#8221;41px&#8221;][\/vc_column_inner][\/vc_row_inner]<\/div><div class=\"eltdf-tab-container\" id=\"tab-vision-949\">[vc_row_inner][vc_column_inner css=&#8221;.vc_custom_1507037319037{margin-top: -25px !important;padding-top: 0px !important;}&#8221;]<div class=\"eltdf-elements-holder   eltdf-one-column  eltdf-responsive-mode-768 \" ><div class=\"eltdf-eh-item    \"  data-item-class=\"eltdf-eh-custom-7068\" data-1280-1600=\"0px 220px 0px 0px\" data-1024-1280=\"0px 150px 0px 0px\" data-768-1024=\"0px 0px 0px 0px\" data-680-768=\"0px 0px 0px 0px\" data-680=\"0px 0px 0px 0px\">\n\t<div class=\"eltdf-eh-item-inner\">\n\t\t<div class=\"eltdf-eh-item-content eltdf-eh-custom-7068\" style=\"padding: 0px 250px 0px 0px\">\n\t\t\t<div class=\"eltdf-section-title-holder  eltdf-st-has-watermark\" style=\"text-align: left\">\n\t<div class=\"eltdf-st-inner\">\n\t\t\t\t\t<span class=\"eltdf-st-watermark\" >\n\t\t\t\tNuestra visi\u00f3n\t\t\t<\/span>\n\t\t\t\t\t\t\t\t\t<h2 class=\"eltdf-st-title\" >\n\t\t\t\tVisi\u00f3n\t\t\t<\/h2>\n\t\t\t\t\t\t\t<span class=\"eltdf-st-text\" >\n\t\t\t\tPara el a\u00f1o 2028, el Instituto San Pablo Ap\u00f3stol ser\u00e1 reconocido por: ser una de las mejores instituciones de Colombia en el \u00e1mbito acad\u00e9mico y en la formaci\u00f3n integral del ser humano por medio del fomento de competencias que responden con excelencia, mediante procesos pedag\u00f3gicos y de formaci\u00f3n. Seremos lideres en el reconocimiento de la individualidad, la promoci\u00f3n de la autonom\u00eda y el desarrollo de habilidades de todos nuestros beneficiarios, apoyados por una comunidad comprometida con el mejoramiento institucional.\t\t\t<\/span>\n\t\t\t<\/div>\n<\/div>\t\t<\/div>\n\t<\/div>\n<\/div><\/div>[vc_empty_space height=&#8221;41px&#8221;][vc_single_image image=&#8221;4914&#8243; img_size=&#8221;medium&#8221; onclick=&#8221;link_image&#8221;][vc_empty_space height=&#8221;41px&#8221;][\/vc_column_inner][\/vc_row_inner]<\/div><div class=\"eltdf-tab-container\" id=\"tab-nuestros-objetivos-484\">[vc_row_inner][vc_column_inner css=&#8221;.vc_custom_1507037198733{margin-top: -25px !important;padding-top: 0px !important;}&#8221;]<div class=\"eltdf-elements-holder   eltdf-one-column  eltdf-responsive-mode-768 \" ><div class=\"eltdf-eh-item    \"  data-item-class=\"eltdf-eh-custom-8686\" data-1280-1600=\"0px 220px 0px 0px\" data-1024-1280=\"0px 150px 0px 0px\" data-768-1024=\"0px 0px 0px 0px\" data-680-768=\"0px 0px 0px 0px\" data-680=\"0px 0px 0px 0px\">\n\t<div class=\"eltdf-eh-item-inner\">\n\t\t<div class=\"eltdf-eh-item-content eltdf-eh-custom-8686\" style=\"padding: 0px 250px 0px 0px\">\n\t\t\t<div class=\"eltdf-section-title-holder  eltdf-st-has-watermark\" style=\"text-align: left\">\n\t<div class=\"eltdf-st-inner\">\n\t\t\t\t\t<span class=\"eltdf-st-watermark\" >\n\t\t\t\tNuestros Objetivos\t\t\t<\/span>\n\t\t\t\t\t\t\t\t\t<h2 class=\"eltdf-st-title\" >\n\t\t\t\tObjetivos\t\t\t<\/h2>\n\t\t\t\t\t\t\t<span class=\"eltdf-st-text\" >\n\t\t\t\tA continuaci\u00f3n ver\u00e1s los diferentes objetivos que componen nuestra filosof\u00eda y raz\u00f3n de ser:\t\t\t<\/span>\n\t\t\t<\/div>\n<\/div>\t\t<\/div>\n\t<\/div>\n<\/div><\/div>[vc_empty_space height=&#8221;41px&#8221;]<div class=\"eltdf-icon-list-holder \" style=\"margin-bottom: 0px\">\n\t<div class=\"eltdf-il-icon-holder\">\n\t\t<span aria-hidden=\"true\" class=\"eltdf-icon-font-elegant icon_check \" style=\"color: #04d2c8;font-size: 18px\"><\/span>\t<\/div>\n\t<p class=\"eltdf-il-text\" >Orientar la acci\u00f3n educativa hacia el desarrollo integral de los ni\u00f1os y j\u00f3venes en los aspectos \u00e9ticos, morales, espirituales, f\u00edsicos, ps\u00edquicos, intelectuales, sociales, afectivos, c\u00edvicos, est\u00e9ticos y dem\u00e1s valores humanos.<\/p>\n<\/div>[vc_empty_space height=&#8221;18px&#8221;]<div class=\"eltdf-icon-list-holder \" style=\"margin-bottom: 0px\">\n\t<div class=\"eltdf-il-icon-holder\">\n\t\t<span aria-hidden=\"true\" class=\"eltdf-icon-font-elegant icon_check \" style=\"color: #04d2c8;font-size: 18px\"><\/span>\t<\/div>\n\t<p class=\"eltdf-il-text\" >Propiciar los ambientes educativos adecuados, para que el estudiante pueda desarrollar las habilidades y estrategias del pensamiento superior.<\/p>\n<\/div>[vc_empty_space height=&#8221;18px&#8221;]<div class=\"eltdf-icon-list-holder \" style=\"margin-bottom: 0px\">\n\t<div class=\"eltdf-il-icon-holder\">\n\t\t<span aria-hidden=\"true\" class=\"eltdf-icon-font-elegant icon_check \" style=\"color: #04d2c8;font-size: 18px\"><\/span>\t<\/div>\n\t<p class=\"eltdf-il-text\" >Orientar al estudiante para el logro de aprendizajes significativos, que le permitan la adquisici\u00f3n de estructuras mentales s\u00f3lidas y ayuden al desarrollo de su proyecto de vida.<\/p>\n<\/div>[vc_empty_space height=&#8221;18px&#8221;]<div class=\"eltdf-icon-list-holder \" style=\"margin-bottom: 0px\">\n\t<div class=\"eltdf-il-icon-holder\">\n\t\t<span aria-hidden=\"true\" class=\"eltdf-icon-font-elegant icon_check \" style=\"color: #04d2c8;font-size: 18px\"><\/span>\t<\/div>\n\t<p class=\"eltdf-il-text\" >Lograr que el estudiante se reconozca a s\u00ed mismo como miembro de la sociedad civil, capaz de ejercer su autonom\u00eda y el cumplimiento de los deberes y el ejercicio de los derechos.<\/p>\n<\/div>[vc_empty_space height=&#8221;18px&#8221;]<div class=\"eltdf-icon-list-holder \" style=\"margin-bottom: 0px\">\n\t<div class=\"eltdf-il-icon-holder\">\n\t\t<span aria-hidden=\"true\" class=\"eltdf-icon-font-elegant icon_check \" style=\"color: #04d2c8;font-size: 18px\"><\/span>\t<\/div>\n\t<p class=\"eltdf-il-text\" >Brindar relaciones significativas con el mundo natural, social y cultural que reafirmen el sentido de pertenencia, el respeto por la diferencia, el cuidado por la naturaleza, la convivencia social y el goce por las dimensiones culturales y est\u00e9ticas.<\/p>\n<\/div>[vc_empty_space height=&#8221;18px&#8221;]<div class=\"eltdf-icon-list-holder \" style=\"margin-bottom: 0px\">\n\t<div class=\"eltdf-il-icon-holder\">\n\t\t<span aria-hidden=\"true\" class=\"eltdf-icon-font-elegant icon_check \" style=\"color: #04d2c8;font-size: 18px\"><\/span>\t<\/div>\n\t<p class=\"eltdf-il-text\" >Orientar al estudiante en la toma de decisiones con respecto a su vida personal y comunitaria a trav\u00e9s del gobierno escolar, y de esta manera prepararlo para la participaci\u00f3n ciudadana.<\/p>\n<\/div>[vc_empty_space height=&#8221;30px&#8221;][\/vc_column_inner][\/vc_row_inner]<\/div><\/div>[\/vc_column][\/vc_row][vc_row row_content_width=&#8221;grid&#8221; css=&#8221;.vc_custom_1509700812150{padding-top: 102px !important;padding-bottom: 112px !important;}&#8221; simple_background_color=&#8221;#ffffff&#8221;][vc_column]<div class=\"eltdf-section-title-holder  eltdf-st-has-watermark\" style=\"padding: 0 19%;text-align: center\">\n\t<div class=\"eltdf-st-inner\">\n\t\t\t\t\t<span class=\"eltdf-st-watermark\" >\n\t\t\t\tPrincipios\t\t\t<\/span>\n\t\t\t\t\t\t\t<span class=\"eltdf-st-tagline\" >\n\t\t\t\tNuestras bases de trabajo\t\t\t<\/span>\n\t\t\t\t\t\t\t<h2 class=\"eltdf-st-title\" >\n\t\t\t\tPrincipios del ISPA\t\t\t<\/h2>\n\t\t\t\t\t\t\t<span class=\"eltdf-st-text\" >\n\t\t\t\tConoce los principios que rigen nuestro trabajo.\t\t\t<\/span>\n\t\t\t<\/div>\n<\/div>[vc_empty_space height=&#8221;93px&#8221;]<div class=\"eltdf-process-holder  eltdf-four-columns eltdf-responsive-768\">\n\t<div class=\"eltdf-process-background\" ><\/div>\n\t<div class=\"eltdf-process-inner\">\n\t\t<div class=\"eltdf-process-item \">\n\t<div class=\"eltdf-pi-image\">\n\t\t\t\t\t\t\t<\/div>\n\t\t\t<h4 class=\"eltdf-pi-title\" >Axiol\u00f3gicos<\/h4>\n\t\t\t\t<p class=\"eltdf-pi-text\" >Fundamentamos nuestro accionar en los valores que est\u00e1n contemplados en la dimensi\u00f3n de la existencia humana: fe en Dios, conciencia de la propia dignidad, el respeto, esponsabilidad, la solidaridad y el amor.<\/p>\n\t<\/div><div class=\"eltdf-process-item \">\n\t<div class=\"eltdf-pi-image\">\n\t\t\t\t\t\t\t<\/div>\n\t\t\t<h4 class=\"eltdf-pi-title\" >Antropol\u00f3gicos<\/h4>\n\t\t\t\t<p class=\"eltdf-pi-text\" >Concebimos al ser humano como \u00fanico e irrepetible, dotado de un sin n\u00famero de potencialidades que puede llegar a desarrollar si encuentra un ambiente propicio. Una persona llamada a realizarse como ser humano en su vivencia comunitaria.<\/p>\n\t<\/div><div class=\"eltdf-process-item \">\n\t<div class=\"eltdf-pi-image\">\n\t\t\t\t\t\t\t<\/div>\n\t\t\t<h4 class=\"eltdf-pi-title\" >Epistemol\u00f3gicos<\/h4>\n\t\t\t\t<p class=\"eltdf-pi-text\" >Asumimos como parte de nuestros principios, los pilares para la educaci\u00f3n del hombre en el nuevo milenio: \u00e9l aprender a conocer, a hacer, a vivir juntos y a ser.<\/p>\n\t<\/div><div class=\"eltdf-process-item \">\n\t<div class=\"eltdf-pi-image\">\n\t\t\t\t\t\t\t<\/div>\n\t\t\t<h4 class=\"eltdf-pi-title\" >Sociol\u00f3gicos<\/h4>\n\t\t\t\t<p class=\"eltdf-pi-text\" >Consideramos a la persona, como ser social por excelencia, llamado a contribuir con el desarrollo de la sociedad civil y a trav\u00e9s de los principios b\u00e1sicos para la convivencia pac\u00edfica.<\/p>\n\t<\/div>\t<\/div>\n<\/div>[\/vc_column][\/vc_row][vc_row row_content_width=&#8221;grid&#8221; css=&#8221;.vc_custom_1507037802472{margin-bottom: 50px !important;padding-top: 130px !important;padding-bottom: 40px !important;background-image: url(http:\/\/esmarts.elated-themes.com\/wp-content\/uploads\/2017\/09\/h1-tabs-background.png?id=178) !important;background-position: center !important;background-repeat: no-repeat !important;background-size: contain !important;}&#8221;][vc_column css=&#8221;.vc_custom_1507037309686{padding-top: 0px !important;}&#8221;]<div class=\"eltdf-section-title-holder  eltdf-st-has-watermark\" style=\"padding: 0 19%;text-align: center\">\n\t<div class=\"eltdf-st-inner\">\n\t\t\t\t\t<span class=\"eltdf-st-watermark\" >\n\t\t\t\tS\u00edmbolos\t\t\t<\/span>\n\t\t\t\t\t\t\t\t\t<h2 class=\"eltdf-st-title\" >\n\t\t\t\tNuestros s\u00edmbolos\t\t\t<\/h2>\n\t\t\t\t\t\t\t<span class=\"eltdf-st-text\" >\n\t\t\t\tConoce los s\u00edmbolos que nos identifican\t\t\t<\/span>\n\t\t\t<\/div>\n<\/div>[vc_empty_space height=&#8221;100px&#8221;]<div class=\"eltdf-tabs  eltdf-tabs-vertical\">\n\t<ul class=\"eltdf-tabs-nav clearfix\">\n\t\t\t\t\t<li>\n\t\t\t\t\t\t\t\t\t<a href=\"#tab-escudo\">Escudo<\/a>\n\t\t\t\t\t\t\t<\/li>\n\t\t\t\t\t<li>\n\t\t\t\t\t\t\t\t\t<a href=\"#tab-bandera\">Bandera<\/a>\n\t\t\t\t\t\t\t<\/li>\n\t\t\t\t\t<li>\n\t\t\t\t\t\t\t\t\t<a href=\"#tab-himno\">Himno<\/a>\n\t\t\t\t\t\t\t<\/li>\n\t\t\t<\/ul>\n\t<div class=\"eltdf-tab-container\" id=\"tab-escudo-794\">[vc_row_inner][vc_column_inner css=&#8221;.vc_custom_1507037319037{margin-top: -25px !important;padding-top: 0px !important;}&#8221;]<div class=\"eltdf-elements-holder   eltdf-one-column  eltdf-responsive-mode-768 \" ><div class=\"eltdf-eh-item    \"  data-item-class=\"eltdf-eh-custom-3530\" data-1280-1600=\"0px 220px 0px 0px\" data-1024-1280=\"0px 150px 0px 0px\" data-768-1024=\"0px 0px 0px 0px\" data-680-768=\"0px 0px 0px 0px\" data-680=\"0px 0px 0px 0px\">\n\t<div class=\"eltdf-eh-item-inner\">\n\t\t<div class=\"eltdf-eh-item-content eltdf-eh-custom-3530\" style=\"padding: 0px 250px 0px 0px\">\n\t\t\t<div class=\"eltdf-section-title-holder  eltdf-st-has-watermark\" style=\"text-align: left\">\n\t<div class=\"eltdf-st-inner\">\n\t\t\t\t\t<span class=\"eltdf-st-watermark\" >\n\t\t\t\tEscudo\t\t\t<\/span>\n\t\t\t\t\t\t\t\t\t<h2 class=\"eltdf-st-title\" >\n\t\t\t\tEscudo\t\t\t<\/h2>\n\t\t\t\t\t\t\t<span class=\"eltdf-st-text\" >\n\t\t\t\tEst\u00e1 conformado por un c\u00edrculo con el nombre del Instituto y la Arquidi\u00f3cesis de Bogot\u00e1. Dentro de \u00e9l, un cuadrado y un c\u00edrculo conc\u00e9ntricos rematados por la cruz que forman 4 peces, memoria del Congreso Eucar\u00edstico Internacional (1968), a partir del cual se funda el instituto, y nuestra filiaci\u00f3n de la Iglesia cat\u00f3lica.\t\t\t<\/span>\n\t\t\t<\/div>\n<\/div>\t\t<\/div>\n\t<\/div>\n<\/div><\/div>[vc_empty_space height=&#8221;41px&#8221;][vc_single_image image=&#8221;5262&#8243; img_size=&#8221;medium&#8221; onclick=&#8221;link_image&#8221;][vc_empty_space height=&#8221;41px&#8221;][\/vc_column_inner][\/vc_row_inner]<\/div><div class=\"eltdf-tab-container\" id=\"tab-bandera-746\">[vc_row_inner][vc_column_inner css=&#8221;.vc_custom_1507037319037{margin-top: -25px !important;padding-top: 0px !important;}&#8221;]<div class=\"eltdf-elements-holder   eltdf-one-column  eltdf-responsive-mode-768 \" ><div class=\"eltdf-eh-item    \"  data-item-class=\"eltdf-eh-custom-2560\" data-1280-1600=\"0px 220px 0px 0px\" data-1024-1280=\"0px 150px 0px 0px\" data-768-1024=\"0px 0px 0px 0px\" data-680-768=\"0px 0px 0px 0px\" data-680=\"0px 0px 0px 0px\">\n\t<div class=\"eltdf-eh-item-inner\">\n\t\t<div class=\"eltdf-eh-item-content eltdf-eh-custom-2560\" style=\"padding: 0px 250px 0px 0px\">\n\t\t\t<div class=\"eltdf-section-title-holder  eltdf-st-has-watermark\" style=\"text-align: left\">\n\t<div class=\"eltdf-st-inner\">\n\t\t\t\t\t<span class=\"eltdf-st-watermark\" >\n\t\t\t\tBandera\t\t\t<\/span>\n\t\t\t\t\t\t\t\t\t<h2 class=\"eltdf-st-title\" >\n\t\t\t\tBandera\t\t\t<\/h2>\n\t\t\t\t\t\t\t<span class=\"eltdf-st-text\" >\n\t\t\t\tEst\u00e1 formada por una pieza dividida en tres franjas horizontales: Azul en la parte superior, el color de nuestra patrona, Mar\u00eda Auxiliadora y los valores que ella representa como son la excelencia, la libertad y el pensamiento universal y espiritual que so\u00f1amos; blanco en el medio, que indica la pureza y la verdad como ideal de los j\u00f3venes a quienes servimos; roja en la parte inferior que significa el valor, el coraje y el liderazgo de nuestra obra. En nuestro instituto no se porta uniforme; el uniforme de nuestros estudiantes es su comportamiento y el conjunto de acciones y valores que practican dentro y fuera de la Instituci\u00f3n, pudiendo por tanto asistir de particular a la misma, sin que esto signifique descuido o desarreglo en su presentaci\u00f3n personal.\t\t\t<\/span>\n\t\t\t<\/div>\n<\/div>\t\t<\/div>\n\t<\/div>\n<\/div><\/div>[vc_empty_space height=&#8221;41px&#8221;][vc_single_image image=&#8221;5263&#8243; img_size=&#8221;full&#8221; onclick=&#8221;link_image&#8221;][vc_empty_space height=&#8221;41px&#8221;][\/vc_column_inner][\/vc_row_inner]<\/div><div class=\"eltdf-tab-container\" id=\"tab-himno-682\">[vc_row_inner][vc_column_inner css=&#8221;.vc_custom_1507037198733{margin-top: -25px !important;padding-top: 0px !important;}&#8221;]<div class=\"eltdf-elements-holder   eltdf-one-column  eltdf-responsive-mode-768 \" ><div class=\"eltdf-eh-item    \"  data-item-class=\"eltdf-eh-custom-8800\" data-1280-1600=\"0px 220px 0px 0px\" data-1024-1280=\"0px 150px 0px 0px\" data-768-1024=\"0px 0px 0px 0px\" data-680-768=\"0px 0px 0px 0px\" data-680=\"0px 0px 0px 0px\">\n\t<div class=\"eltdf-eh-item-inner\">\n\t\t<div class=\"eltdf-eh-item-content eltdf-eh-custom-8800\" style=\"padding: 0px 250px 0px 0px\">\n\t\t\t<div class=\"eltdf-section-title-holder  eltdf-st-has-watermark\" style=\"text-align: left\">\n\t<div class=\"eltdf-st-inner\">\n\t\t\t\t\t<span class=\"eltdf-st-watermark\" >\n\t\t\t\tHimno\t\t\t<\/span>\n\t\t\t\t\t\t\t\t\t<h2 class=\"eltdf-st-title\" >\n\t\t\t\tHimno del Colegio\t\t\t<\/h2>\n\t\t\t\t\t\t\t<span class=\"eltdf-st-text\" >\n\t\t\t\tEscucha nuestro Himno del colegio.\t\t\t<\/span>\n\t\t\t<\/div>\n<\/div>\t\t<\/div>\n\t<\/div>\n<\/div><\/div>[vc_empty_space height=&#8221;41px&#8221;][\/vc_column_inner][\/vc_row_inner]<\/div><\/div>[\/vc_column][\/vc_row][vc_row][vc_column][\/vc_column][\/vc_row]<\/p>\n","protected":false},"excerpt":{"rendered":"<p>[vc_row row_content_width=&#8221;grid&#8221; content_text_aligment=&#8221;center&#8221; simple_background_color=&#8221;#fafafa&#8221;][vc_column css=&#8221;.vc_custom_1508505855317{margin-top: -185px !important;}&#8221;][\/vc_column][\/vc_row][vc_row row_content_width=&#8221;grid&#8221; css=&#8221;.vc_custom_1509716783103{padding-top: 61px !important;padding-bottom: 111px !important;}&#8221; simple_background_color=&#8221;#fafafa&#8221;][vc_column css_animation=&#8221;none&#8221;][\/vc_column][\/vc_row][vc_row row_content_width=&#8221;grid&#8221; simple_background_color=&#8221;#fafafa&#8221;][vc_column css=&#8221;.vc_custom_1507212856189{padding-top: 0px !important;}&#8221; offset=&#8221;vc_col-lg-6 vc_col-md-12&#8243;][\/vc_column][vc_column offset=&#8221;vc_col-lg-6 vc_col-md-12&#8243;][\/vc_column][\/vc_row][vc_row css=&#8221;.vc_custom_1508936971461{padding-top: 65px !important;background-position: 0 0 !important;background-repeat: no-repeat !important;}&#8221; parallax_background_image=&#8221;490&#8243;][vc_column][vc_row_inner][vc_column_inner][\/vc_column_inner][\/vc_row_inner][vc_empty_space height=&#8221;93px&#8221;][vc_empty_space height=&#8221;10px&#8221;][vc_row_inner row_content_width=&#8221;grid&#8221;][vc_column_inner width=&#8221;1\/3&#8243;][\/vc_column_inner][vc_column_inner width=&#8221;1\/3&#8243;] [\/vc_column_inner][vc_column_inner width=&#8221;1\/3&#8243;][\/vc_column_inner][\/vc_row_inner][vc_row_inner [&hellip;]<\/p>\n","protected":false},"author":2,"featured_media":0,"parent":0,"menu_order":0,"comment_status":"closed","ping_status":"closed","template":"","meta":{"_mi_skip_tracking":false,"_monsterinsights_sitenote_active":false,"_monsterinsights_sitenote_note":"","_monsterinsights_sitenote_category":0},"_links":{"self":[{"href":"https:\/\/ispaeducacion.edu.co\/index.php?rest_route=\/wp\/v2\/pages\/4777"}],"collection":[{"href":"https:\/\/ispaeducacion.edu.co\/index.php?rest_route=\/wp\/v2\/pages"}],"about":[{"href":"https:\/\/ispaeducacion.edu.co\/index.php?rest_route=\/wp\/v2\/types\/page"}],"author":[{"embeddable":true,"href":"https:\/\/ispaeducacion.edu.co\/index.php?rest_route=\/wp\/v2\/users\/2"}],"replies":[{"embeddable":true,"href":"https:\/\/ispaeducacion.edu.co\/index.php?rest_route=%2Fwp%2Fv2%2Fcomments&post=4777"}],"version-history":[{"count":87,"href":"https:\/\/ispaeducacion.edu.co\/index.php?rest_route=\/wp\/v2\/pages\/4777\/revisions"}],"predecessor-version":[{"id":5868,"href":"https:\/\/ispaeducacion.edu.co\/index.php?rest_route=\/wp\/v2\/pages\/4777\/revisions\/5868"}],"wp:attachment":[{"href":"https:\/\/ispaeducacion.edu.co\/index.php?rest_route=%2Fwp%2Fv2%2Fmedia&parent=4777"}],"curies":[{"name":"wp","href":"https:\/\/api.w.org\/{rel}","templated":true}]}}